{"id":2997,"date":"2020-12-06T13:18:48","date_gmt":"2020-12-06T12:18:48","guid":{"rendered":"https:\/\/faz-hochrhein.de\/abenteuerland\/?page_id=2997"},"modified":"2025-11-18T10:45:24","modified_gmt":"2025-11-18T09:45:24","slug":"grashuepfer-huette","status":"publish","type":"page","link":"https:\/\/faz-hochrhein.de\/abenteuerland\/ueber-uns\/grashuepfer-huette\/","title":{"rendered":"Grash\u00fcpfer-H\u00fctte"},"content":{"rendered":"\n<p>Unsere Naturgruppe &#8220;Grash\u00fcpfer&#8221; (1,5 bis 3-j\u00e4hrige Kinder) findet ihr vorne links im Abenteuerland (vom Eingang ausgehend). Eine kleine Scheune, ca. 30 m\u00b2, mit Heizung, kindgerechtem, einfachen Mobiliar und \u00fcberdachtem Vorbau.<\/p>\n\n\n\n<div class=\"wp-block-jetpack-slideshow aligncenter\" data-effect=\"slide\"><div class=\"wp-block-jetpack-slideshow_container swiper-container\"><ul class=\"wp-block-jetpack-slideshow_swiper-wrapper swiper-wrapper\"><li class=\"wp-block-jetpack-slideshow_slide swiper-slide\"><figure><img loading=\"lazy\" decoding=\"async\" width=\"1024\" height=\"682\" alt=\"Familientag 2019\" class=\"wp-block-jetpack-slideshow_image wp-image-2111\" data-id=\"2111\" src=\"https:\/\/faz-hochrhein.de\/abenteuerland\/wp-content\/uploads\/2019\/07\/Sandkasten-1024x682.jpg\" srcset=\"https:\/\/faz-hochrhein.de\/abenteuerland\/wp-content\/uploads\/2019\/07\/Sandkasten-1024x682.jpg 1024w, https:\/\/faz-hochrhein.de\/abenteuerland\/wp-content\/uploads\/2019\/07\/Sandkasten-300x200.jpg 300w, https:\/\/faz-hochrhein.de\/abenteuerland\/wp-content\/uploads\/2019\/07\/Sandkasten-250x166.jpg 250w, https:\/\/faz-hochrhein.de\/abenteuerland\/wp-content\/uploads\/2019\/07\/Sandkasten-550x366.jpg 550w, https:\/\/faz-hochrhein.de\/abenteuerland\/wp-content\/uploads\/2019\/07\/Sandkasten-800x533.jpg 800w, https:\/\/faz-hochrhein.de\/abenteuerland\/wp-content\/uploads\/2019\/07\/Sandkasten-269x180.jpg 269w, https:\/\/faz-hochrhein.de\/abenteuerland\/wp-content\/uploads\/2019\/07\/Sandkasten-449x300.jpg 449w, https:\/\/faz-hochrhein.de\/abenteuerland\/wp-content\/uploads\/2019\/07\/Sandkasten-749x500.jpg 749w\" sizes=\"auto, (max-width: 1024px) 100vw, 1024px\" \/><\/figure><\/li><li class=\"wp-block-jetpack-slideshow_slide swiper-slide\"><figure><img loading=\"lazy\" decoding=\"async\" width=\"1024\" height=\"768\" alt=\"\" class=\"wp-block-jetpack-slideshow_image wp-image-2832\" data-id=\"2832\" src=\"https:\/\/faz-hochrhein.de\/abenteuerland\/wp-content\/uploads\/2020\/10\/Hu\u0308tte-mit-Sandkasten-1024x768.jpg\" srcset=\"https:\/\/faz-hochrhein.de\/abenteuerland\/wp-content\/uploads\/2020\/10\/Hu\u0308tte-mit-Sandkasten-1024x768.jpg 1024w, https:\/\/faz-hochrhein.de\/abenteuerland\/wp-content\/uploads\/2020\/10\/Hu\u0308tte-mit-Sandkasten-300x225.jpg 300w, https:\/\/faz-hochrhein.de\/abenteuerland\/wp-content\/uploads\/2020\/10\/Hu\u0308tte-mit-Sandkasten-1536x1152.jpg 1536w, https:\/\/faz-hochrhein.de\/abenteuerland\/wp-content\/uploads\/2020\/10\/Hu\u0308tte-mit-Sandkasten-250x188.jpg 250w, https:\/\/faz-hochrhein.de\/abenteuerland\/wp-content\/uploads\/2020\/10\/Hu\u0308tte-mit-Sandkasten-550x413.jpg 550w, https:\/\/faz-hochrhein.de\/abenteuerland\/wp-content\/uploads\/2020\/10\/Hu\u0308tte-mit-Sandkasten-800x600.jpg 800w, https:\/\/faz-hochrhein.de\/abenteuerland\/wp-content\/uploads\/2020\/10\/Hu\u0308tte-mit-Sandkasten-240x180.jpg 240w, https:\/\/faz-hochrhein.de\/abenteuerland\/wp-content\/uploads\/2020\/10\/Hu\u0308tte-mit-Sandkasten-400x300.jpg 400w, https:\/\/faz-hochrhein.de\/abenteuerland\/wp-content\/uploads\/2020\/10\/Hu\u0308tte-mit-Sandkasten-667x500.jpg 667w, https:\/\/faz-hochrhein.de\/abenteuerland\/wp-content\/uploads\/2020\/10\/Hu\u0308tte-mit-Sandkasten.jpg 1600w\" sizes=\"auto, (max-width: 1024px) 100vw, 1024px\" \/><\/figure><\/li><li class=\"wp-block-jetpack-slideshow_slide swiper-slide\"><figure><img loading=\"lazy\" decoding=\"async\" width=\"1024\" height=\"683\" alt=\"\" class=\"wp-block-jetpack-slideshow_image wp-image-2830\" data-id=\"2830\" src=\"https:\/\/faz-hochrhein.de\/abenteuerland\/wp-content\/uploads\/2020\/10\/Sandkasten-1024x683.jpg\" srcset=\"https:\/\/faz-hochrhein.de\/abenteuerland\/wp-content\/uploads\/2020\/10\/Sandkasten-1024x683.jpg 1024w, https:\/\/faz-hochrhein.de\/abenteuerland\/wp-content\/uploads\/2020\/10\/Sandkasten-300x200.jpg 300w, https:\/\/faz-hochrhein.de\/abenteuerland\/wp-content\/uploads\/2020\/10\/Sandkasten-1536x1024.jpg 1536w, https:\/\/faz-hochrhein.de\/abenteuerland\/wp-content\/uploads\/2020\/10\/Sandkasten-2048x1365.jpg 2048w, https:\/\/faz-hochrhein.de\/abenteuerland\/wp-content\/uploads\/2020\/10\/Sandkasten-250x167.jpg 250w, https:\/\/faz-hochrhein.de\/abenteuerland\/wp-content\/uploads\/2020\/10\/Sandkasten-550x367.jpg 550w, https:\/\/faz-hochrhein.de\/abenteuerland\/wp-content\/uploads\/2020\/10\/Sandkasten-800x533.jpg 800w, https:\/\/faz-hochrhein.de\/abenteuerland\/wp-content\/uploads\/2020\/10\/Sandkasten-270x180.jpg 270w, https:\/\/faz-hochrhein.de\/abenteuerland\/wp-content\/uploads\/2020\/10\/Sandkasten-450x300.jpg 450w, https:\/\/faz-hochrhein.de\/abenteuerland\/wp-content\/uploads\/2020\/10\/Sandkasten-750x500.jpg 750w\" sizes=\"auto, (max-width: 1024px) 100vw, 1024px\" \/><\/figure><\/li><li class=\"wp-block-jetpack-slideshow_slide swiper-slide\"><figure><img loading=\"lazy\" decoding=\"async\" width=\"1024\" height=\"576\" alt=\"\" class=\"wp-block-jetpack-slideshow_image wp-image-2998\" data-id=\"2998\" src=\"https:\/\/faz-hochrhein.de\/abenteuerland\/wp-content\/uploads\/2020\/12\/fertig-1024x576.jpg\" srcset=\"https:\/\/faz-hochrhein.de\/abenteuerland\/wp-content\/uploads\/2020\/12\/fertig-1024x576.jpg 1024w, https:\/\/faz-hochrhein.de\/abenteuerland\/wp-content\/uploads\/2020\/12\/fertig-300x169.jpg 300w, https:\/\/faz-hochrhein.de\/abenteuerland\/wp-content\/uploads\/2020\/12\/fertig-1536x864.jpg 1536w, https:\/\/faz-hochrhein.de\/abenteuerland\/wp-content\/uploads\/2020\/12\/fertig-2048x1152.jpg 2048w, https:\/\/faz-hochrhein.de\/abenteuerland\/wp-content\/uploads\/2020\/12\/fertig-250x141.jpg 250w, https:\/\/faz-hochrhein.de\/abenteuerland\/wp-content\/uploads\/2020\/12\/fertig-550x309.jpg 550w, https:\/\/faz-hochrhein.de\/abenteuerland\/wp-content\/uploads\/2020\/12\/fertig-800x450.jpg 800w, https:\/\/faz-hochrhein.de\/abenteuerland\/wp-content\/uploads\/2020\/12\/fertig-320x180.jpg 320w, https:\/\/faz-hochrhein.de\/abenteuerland\/wp-content\/uploads\/2020\/12\/fertig-533x300.jpg 533w, https:\/\/faz-hochrhein.de\/abenteuerland\/wp-content\/uploads\/2020\/12\/fertig-889x500.jpg 889w\" sizes=\"auto, (max-width: 1024px) 100vw, 1024px\" \/><\/figure><\/li><li class=\"wp-block-jetpack-slideshow_slide swiper-slide\"><figure><img loading=\"lazy\" decoding=\"async\" width=\"768\" height=\"1024\" alt=\"\" class=\"wp-block-jetpack-slideshow_image wp-image-2831\" data-id=\"2831\" src=\"https:\/\/faz-hochrhein.de\/abenteuerland\/wp-content\/uploads\/2020\/10\/Junge-im-Weide-Iglu-768x1024.jpg\" srcset=\"https:\/\/faz-hochrhein.de\/abenteuerland\/wp-content\/uploads\/2020\/10\/Junge-im-Weide-Iglu-768x1024.jpg 768w, https:\/\/faz-hochrhein.de\/abenteuerland\/wp-content\/uploads\/2020\/10\/Junge-im-Weide-Iglu-225x300.jpg 225w, https:\/\/faz-hochrhein.de\/abenteuerland\/wp-content\/uploads\/2020\/10\/Junge-im-Weide-Iglu-1152x1536.jpg 1152w, https:\/\/faz-hochrhein.de\/abenteuerland\/wp-content\/uploads\/2020\/10\/Junge-im-Weide-Iglu-250x333.jpg 250w, https:\/\/faz-hochrhein.de\/abenteuerland\/wp-content\/uploads\/2020\/10\/Junge-im-Weide-Iglu-550x733.jpg 550w, https:\/\/faz-hochrhein.de\/abenteuerland\/wp-content\/uploads\/2020\/10\/Junge-im-Weide-Iglu-800x1067.jpg 800w, https:\/\/faz-hochrhein.de\/abenteuerland\/wp-content\/uploads\/2020\/10\/Junge-im-Weide-Iglu-135x180.jpg 135w, https:\/\/faz-hochrhein.de\/abenteuerland\/wp-content\/uploads\/2020\/10\/Junge-im-Weide-Iglu-375x500.jpg 375w, https:\/\/faz-hochrhein.de\/abenteuerland\/wp-content\/uploads\/2020\/10\/Junge-im-Weide-Iglu.jpg 1200w\" sizes=\"auto, (max-width: 768px) 100vw, 768px\" \/><\/figure><\/li><\/ul><a class=\"wp-block-jetpack-slideshow_button-prev swiper-button-prev swiper-button-white\" role=\"button\"><\/a><a class=\"wp-block-jetpack-slideshow_button-next swiper-button-next swiper-button-white\" role=\"button\"><\/a><a aria-label=\"Pause Slideshow\" class=\"wp-block-jetpack-slideshow_button-pause\" role=\"button\"><\/a><div class=\"wp-block-jetpack-slideshow_pagination swiper-pagination swiper-pagination-white\"><\/div><\/div><\/div>\n\n\n\n<p>Vor der H\u00fctte k\u00f6nnen die Kinder im gro\u00dfen Sandkasten spielen und bauen. Ein kleiner Stall mit 2 Meerschweinchen geh\u00f6rt ebenso zum Grash\u00fcpfer-Revier wie das kleine Stelzen-Spielhaus.<\/p>\n\n\n\n<h2 class=\"wp-block-heading\">Angebote<\/h2>\n\n\n\n<div class=\"wp-block-uagb-marketing-button uagb-marketing-btn__align-left uagb-marketing-btn__align-text-left uagb-marketing-btn__icon-after uagb-block-866aa0be wp-block-button uagb-marketing-btn__outer-wrap\"><a href=\"https:\/\/faz-hochrhein.de\/abenteuerland\/angebote\/grashuepfer\/\" class=\"uagb-marketing-btn__link wp-block-button__link\" target=\"\" rel=\"noopener noreferrer\"><span class=\"uagb-marketing-btn__title\">Spiel- und Lerngruppe \u201cGrash\u00fcpfer\u201d<\/span><svg xmlns=\"https:\/\/www.w3.org\/2000\/svg\" viewBox=\"0 0 512 512\"><path d=\"M512 256c0-141.4-114.6-256-256-256S0 114.6 0 256c0 141.4 114.6 256 256 256S512 397.4 512 256zM265.9 382.8C259.9 380.3 256 374.5 256 368v-64H160c-17.67 0-32-14.33-32-32v-32c0-17.67 14.33-32 32-32h96v-64c0-6.469 3.891-12.31 9.875-14.78c5.984-2.484 12.86-1.109 17.44 3.469l112 112c6.248 6.248 6.248 16.38 0 22.62l-112 112C278.7 383.9 271.9 385.3 265.9 382.8z\"><\/path><\/svg><p class=\"uagb-marketing-btn__prefix\"><\/p><\/a><\/div>\n","protected":false},"excerpt":{"rendered":"<p>Unsere Naturgruppe &#8220;Grash\u00fcpfer&#8221; (1,5 bis 3-j\u00e4hrige Kinder) findet ihr vorne links im Abenteuerland (vom Eingang ausgehend). Eine kleine Scheune, ca. 30 m\u00b2, mit Heizung, kindgerechtem, einfachen Mobiliar und \u00fcberdachtem Vorbau. Vor der H\u00fctte k\u00f6nnen die Kinder im gro\u00dfen Sandkasten spielen und bauen. Ein kleiner Stall mit 2 Meerschweinchen geh\u00f6rt ebenso zum Grash\u00fcpfer-Revier wie das kleine [&hellip;]<\/p>\n","protected":false},"author":1,"featured_media":2832,"parent":10,"menu_order":0,"comment_status":"closed","ping_status":"closed","template":"","meta":{"_uag_custom_page_level_css":"","ocean_post_layout":"","ocean_both_sidebars_style":"","ocean_both_sidebars_content_width":0,"ocean_both_sidebars_sidebars_width":0,"ocean_sidebar":"0","ocean_second_sidebar":"0","ocean_disable_margins":"enable","ocean_add_body_class":"","ocean_shortcode_before_top_bar":"","ocean_shortcode_after_top_bar":"","ocean_shortcode_before_header":"","ocean_shortcode_after_header":"","ocean_has_shortcode":"","ocean_shortcode_after_title":"","ocean_shortcode_before_footer_widgets":"","ocean_shortcode_after_footer_widgets":"","ocean_shortcode_before_footer_bottom":"","ocean_shortcode_after_footer_bottom":"","ocean_display_top_bar":"default","ocean_display_header":"default","ocean_header_style":"","ocean_center_header_left_menu":"0","ocean_custom_header_template":"0","ocean_custom_logo":0,"ocean_custom_retina_logo":0,"ocean_custom_logo_max_width":0,"ocean_custom_logo_tablet_max_width":0,"ocean_custom_logo_mobile_max_width":0,"ocean_custom_logo_max_height":0,"ocean_custom_logo_tablet_max_height":0,"ocean_custom_logo_mobile_max_height":0,"ocean_header_custom_menu":"0","ocean_menu_typo_font_family":"0","ocean_menu_typo_font_subset":"","ocean_menu_typo_font_size":0,"ocean_menu_typo_font_size_tablet":0,"ocean_menu_typo_font_size_mobile":0,"ocean_menu_typo_font_size_unit":"px","ocean_menu_typo_font_weight":"","ocean_menu_typo_font_weight_tablet":"","ocean_menu_typo_font_weight_mobile":"","ocean_menu_typo_transform":"","ocean_menu_typo_transform_tablet":"","ocean_menu_typo_transform_mobile":"","ocean_menu_typo_line_height":0,"ocean_menu_typo_line_height_tablet":0,"ocean_menu_typo_line_height_mobile":0,"ocean_menu_typo_line_height_unit":"","ocean_menu_typo_spacing":0,"ocean_menu_typo_spacing_tablet":0,"ocean_menu_typo_spacing_mobile":0,"ocean_menu_typo_spacing_unit":"","ocean_menu_link_color":"","ocean_menu_link_color_hover":"","ocean_menu_link_color_active":"","ocean_menu_link_background":"","ocean_menu_link_hover_background":"","ocean_menu_link_active_background":"","ocean_menu_social_links_bg":"","ocean_menu_social_hover_links_bg":"","ocean_menu_social_links_color":"","ocean_menu_social_hover_links_color":"","ocean_disable_title":"default","ocean_disable_heading":"default","ocean_post_title":"","ocean_post_subheading":"","ocean_post_title_style":"","ocean_post_title_background_color":"","ocean_post_title_background":0,"ocean_post_title_bg_image_position":"","ocean_post_title_bg_image_attachment":"","ocean_post_title_bg_image_repeat":"","ocean_post_title_bg_image_size":"","ocean_post_title_height":0,"ocean_post_title_bg_overlay":0.5,"ocean_post_title_bg_overlay_color":"","ocean_disable_breadcrumbs":"default","ocean_breadcrumbs_color":"","ocean_breadcrumbs_separator_color":"","ocean_breadcrumbs_links_color":"","ocean_breadcrumbs_links_hover_color":"","ocean_display_footer_widgets":"default","ocean_display_footer_bottom":"default","ocean_custom_footer_template":"0","footnotes":""},"class_list":["post-2997","page","type-page","status-publish","has-post-thumbnail","hentry","entry","has-media"],"yoast_head":"<!-- This site is optimized with the Yoast SEO plugin v23.9 - https:\/\/yoast.com\/wordpress\/plugins\/seo\/ -->\n<title>Grash\u00fcpfer-H\u00fctte &#8211; Abenteuerland Hochrhein in Lauchringen<\/title>\n<meta name=\"robots\" content=\"index, follow, max-snippet:-1, max-image-preview:large, max-video-preview:-1\" \/>\n<link rel=\"canonical\" href=\"https:\/\/faz-hochrhein.de\/abenteuerland\/ueber-uns\/grashuepfer-huette\/\" \/>\n<meta property=\"og:locale\" content=\"de_DE\" \/>\n<meta property=\"og:type\" content=\"article\" \/>\n<meta property=\"og:title\" content=\"Grash\u00fcpfer-H\u00fctte &#8211; Abenteuerland Hochrhein in Lauchringen\" \/>\n<meta property=\"og:description\" content=\"Unsere Naturgruppe &#8220;Grash\u00fcpfer&#8221; (1,5 bis 3-j\u00e4hrige Kinder) findet ihr vorne links im Abenteuerland (vom Eingang ausgehend). Eine kleine Scheune, ca. 30 m\u00b2, mit Heizung, kindgerechtem, einfachen Mobiliar und \u00fcberdachtem Vorbau. Vor der H\u00fctte k\u00f6nnen die Kinder im gro\u00dfen Sandkasten spielen und bauen. Ein kleiner Stall mit 2 Meerschweinchen geh\u00f6rt ebenso zum Grash\u00fcpfer-Revier wie das kleine [&hellip;]\" \/>\n<meta property=\"og:url\" content=\"https:\/\/faz-hochrhein.de\/abenteuerland\/ueber-uns\/grashuepfer-huette\/\" \/>\n<meta property=\"og:site_name\" content=\"Abenteuerland Hochrhein in Lauchringen\" \/>\n<meta property=\"article:publisher\" content=\"https:\/\/www.facebook.com\/FamilienzentrumHochrhein\/\" \/>\n<meta property=\"article:modified_time\" content=\"2025-11-18T09:45:24+00:00\" \/>\n<meta property=\"og:image\" content=\"https:\/\/faz-hochrhein.de\/abenteuerland\/wp-content\/uploads\/2020\/10\/Hu\u0308tte-mit-Sandkasten.jpg\" \/>\n\t<meta property=\"og:image:width\" content=\"1600\" \/>\n\t<meta property=\"og:image:height\" content=\"1200\" \/>\n\t<meta property=\"og:image:type\" content=\"image\/jpeg\" \/>\n<meta name=\"twitter:card\" content=\"summary_large_image\" \/>\n<meta name=\"twitter:label1\" content=\"Gesch\u00e4tzte Lesezeit\" \/>\n\t<meta name=\"twitter:data1\" content=\"2\u00a0Minuten\" \/>\n<script type=\"application\/ld+json\" class=\"yoast-schema-graph\">{\"@context\":\"https:\/\/schema.org\",\"@graph\":[{\"@type\":\"WebPage\",\"@id\":\"https:\/\/faz-hochrhein.de\/abenteuerland\/ueber-uns\/grashuepfer-huette\/\",\"url\":\"https:\/\/faz-hochrhein.de\/abenteuerland\/ueber-uns\/grashuepfer-huette\/\",\"name\":\"Grash\u00fcpfer-H\u00fctte &#8211; Abenteuerland Hochrhein in Lauchringen\",\"isPartOf\":{\"@id\":\"https:\/\/faz-hochrhein.de\/abenteuerland\/#website\"},\"primaryImageOfPage\":{\"@id\":\"https:\/\/faz-hochrhein.de\/abenteuerland\/ueber-uns\/grashuepfer-huette\/#primaryimage\"},\"image\":{\"@id\":\"https:\/\/faz-hochrhein.de\/abenteuerland\/ueber-uns\/grashuepfer-huette\/#primaryimage\"},\"thumbnailUrl\":\"https:\/\/faz-hochrhein.de\/abenteuerland\/wp-content\/uploads\/2020\/10\/Hu\u0308tte-mit-Sandkasten.jpg\",\"datePublished\":\"2020-12-06T12:18:48+00:00\",\"dateModified\":\"2025-11-18T09:45:24+00:00\",\"breadcrumb\":{\"@id\":\"https:\/\/faz-hochrhein.de\/abenteuerland\/ueber-uns\/grashuepfer-huette\/#breadcrumb\"},\"inLanguage\":\"de\",\"potentialAction\":[{\"@type\":\"ReadAction\",\"target\":[\"https:\/\/faz-hochrhein.de\/abenteuerland\/ueber-uns\/grashuepfer-huette\/\"]}]},{\"@type\":\"ImageObject\",\"inLanguage\":\"de\",\"@id\":\"https:\/\/faz-hochrhein.de\/abenteuerland\/ueber-uns\/grashuepfer-huette\/#primaryimage\",\"url\":\"https:\/\/faz-hochrhein.de\/abenteuerland\/wp-content\/uploads\/2020\/10\/Hu\u0308tte-mit-Sandkasten.jpg\",\"contentUrl\":\"https:\/\/faz-hochrhein.de\/abenteuerland\/wp-content\/uploads\/2020\/10\/Hu\u0308tte-mit-Sandkasten.jpg\",\"width\":1600,\"height\":1200},{\"@type\":\"BreadcrumbList\",\"@id\":\"https:\/\/faz-hochrhein.de\/abenteuerland\/ueber-uns\/grashuepfer-huette\/#breadcrumb\",\"itemListElement\":[{\"@type\":\"ListItem\",\"position\":1,\"name\":\"Home\",\"item\":\"https:\/\/faz-hochrhein.de\/abenteuerland\/\"},{\"@type\":\"ListItem\",\"position\":2,\"name\":\"Das Abenteuerland\",\"item\":\"https:\/\/faz-hochrhein.de\/abenteuerland\/ueber-uns\/\"},{\"@type\":\"ListItem\",\"position\":3,\"name\":\"Grash\u00fcpfer-H\u00fctte\"}]},{\"@type\":\"WebSite\",\"@id\":\"https:\/\/faz-hochrhein.de\/abenteuerland\/#website\",\"url\":\"https:\/\/faz-hochrhein.de\/abenteuerland\/\",\"name\":\"Abenteuerland Hochrhein in Lauchringen\",\"description\":\"Freie Entfaltung f\u00fcr Kinder &amp; Jugendliche\",\"publisher\":{\"@id\":\"https:\/\/faz-hochrhein.de\/abenteuerland\/#organization\"},\"potentialAction\":[{\"@type\":\"SearchAction\",\"target\":{\"@type\":\"EntryPoint\",\"urlTemplate\":\"https:\/\/faz-hochrhein.de\/abenteuerland\/?s={search_term_string}\"},\"query-input\":{\"@type\":\"PropertyValueSpecification\",\"valueRequired\":true,\"valueName\":\"search_term_string\"}}],\"inLanguage\":\"de\"},{\"@type\":\"Organization\",\"@id\":\"https:\/\/faz-hochrhein.de\/abenteuerland\/#organization\",\"name\":\"Familienzentrum Hochrhein\",\"url\":\"https:\/\/faz-hochrhein.de\/abenteuerland\/\",\"logo\":{\"@type\":\"ImageObject\",\"inLanguage\":\"de\",\"@id\":\"https:\/\/faz-hochrhein.de\/abenteuerland\/#\/schema\/logo\/image\/\",\"url\":\"https:\/\/faz-hochrhein.de\/abenteuerland\/wp-content\/uploads\/2016\/03\/Logo-Abenteuerland-Website.png\",\"contentUrl\":\"https:\/\/faz-hochrhein.de\/abenteuerland\/wp-content\/uploads\/2016\/03\/Logo-Abenteuerland-Website.png\",\"width\":478,\"height\":150,\"caption\":\"Familienzentrum Hochrhein\"},\"image\":{\"@id\":\"https:\/\/faz-hochrhein.de\/abenteuerland\/#\/schema\/logo\/image\/\"},\"sameAs\":[\"https:\/\/www.facebook.com\/FamilienzentrumHochrhein\/\"]}]}<\/script>\n<!-- \/ Yoast SEO plugin. -->","yoast_head_json":{"title":"Grash\u00fcpfer-H\u00fctte &#8211; Abenteuerland Hochrhein in Lauchringen","robots":{"index":"index","follow":"follow","max-snippet":"max-snippet:-1","max-image-preview":"max-image-preview:large","max-video-preview":"max-video-preview:-1"},"canonical":"https:\/\/faz-hochrhein.de\/abenteuerland\/ueber-uns\/grashuepfer-huette\/","og_locale":"de_DE","og_type":"article","og_title":"Grash\u00fcpfer-H\u00fctte &#8211; Abenteuerland Hochrhein in Lauchringen","og_description":"Unsere Naturgruppe &#8220;Grash\u00fcpfer&#8221; (1,5 bis 3-j\u00e4hrige Kinder) findet ihr vorne links im Abenteuerland (vom Eingang ausgehend). Eine kleine Scheune, ca. 30 m\u00b2, mit Heizung, kindgerechtem, einfachen Mobiliar und \u00fcberdachtem Vorbau. Vor der H\u00fctte k\u00f6nnen die Kinder im gro\u00dfen Sandkasten spielen und bauen. Ein kleiner Stall mit 2 Meerschweinchen geh\u00f6rt ebenso zum Grash\u00fcpfer-Revier wie das kleine [&hellip;]","og_url":"https:\/\/faz-hochrhein.de\/abenteuerland\/ueber-uns\/grashuepfer-huette\/","og_site_name":"Abenteuerland Hochrhein in Lauchringen","article_publisher":"https:\/\/www.facebook.com\/FamilienzentrumHochrhein\/","article_modified_time":"2025-11-18T09:45:24+00:00","og_image":[{"width":1600,"height":1200,"url":"https:\/\/faz-hochrhein.de\/abenteuerland\/wp-content\/uploads\/2020\/10\/Hu\u0308tte-mit-Sandkasten.jpg","type":"image\/jpeg"}],"twitter_card":"summary_large_image","twitter_misc":{"Gesch\u00e4tzte Lesezeit":"2\u00a0Minuten"},"schema":{"@context":"https:\/\/schema.org","@graph":[{"@type":"WebPage","@id":"https:\/\/faz-hochrhein.de\/abenteuerland\/ueber-uns\/grashuepfer-huette\/","url":"https:\/\/faz-hochrhein.de\/abenteuerland\/ueber-uns\/grashuepfer-huette\/","name":"Grash\u00fcpfer-H\u00fctte &#8211; Abenteuerland Hochrhein in Lauchringen","isPartOf":{"@id":"https:\/\/faz-hochrhein.de\/abenteuerland\/#website"},"primaryImageOfPage":{"@id":"https:\/\/faz-hochrhein.de\/abenteuerland\/ueber-uns\/grashuepfer-huette\/#primaryimage"},"image":{"@id":"https:\/\/faz-hochrhein.de\/abenteuerland\/ueber-uns\/grashuepfer-huette\/#primaryimage"},"thumbnailUrl":"https:\/\/faz-hochrhein.de\/abenteuerland\/wp-content\/uploads\/2020\/10\/Hu\u0308tte-mit-Sandkasten.jpg","datePublished":"2020-12-06T12:18:48+00:00","dateModified":"2025-11-18T09:45:24+00:00","breadcrumb":{"@id":"https:\/\/faz-hochrhein.de\/abenteuerland\/ueber-uns\/grashuepfer-huette\/#breadcrumb"},"inLanguage":"de","potentialAction":[{"@type":"ReadAction","target":["https:\/\/faz-hochrhein.de\/abenteuerland\/ueber-uns\/grashuepfer-huette\/"]}]},{"@type":"ImageObject","inLanguage":"de","@id":"https:\/\/faz-hochrhein.de\/abenteuerland\/ueber-uns\/grashuepfer-huette\/#primaryimage","url":"https:\/\/faz-hochrhein.de\/abenteuerland\/wp-content\/uploads\/2020\/10\/Hu\u0308tte-mit-Sandkasten.jpg","contentUrl":"https:\/\/faz-hochrhein.de\/abenteuerland\/wp-content\/uploads\/2020\/10\/Hu\u0308tte-mit-Sandkasten.jpg","width":1600,"height":1200},{"@type":"BreadcrumbList","@id":"https:\/\/faz-hochrhein.de\/abenteuerland\/ueber-uns\/grashuepfer-huette\/#breadcrumb","itemListElement":[{"@type":"ListItem","position":1,"name":"Home","item":"https:\/\/faz-hochrhein.de\/abenteuerland\/"},{"@type":"ListItem","position":2,"name":"Das Abenteuerland","item":"https:\/\/faz-hochrhein.de\/abenteuerland\/ueber-uns\/"},{"@type":"ListItem","position":3,"name":"Grash\u00fcpfer-H\u00fctte"}]},{"@type":"WebSite","@id":"https:\/\/faz-hochrhein.de\/abenteuerland\/#website","url":"https:\/\/faz-hochrhein.de\/abenteuerland\/","name":"Abenteuerland Hochrhein in Lauchringen","description":"Freie Entfaltung f\u00fcr Kinder &amp; Jugendliche","publisher":{"@id":"https:\/\/faz-hochrhein.de\/abenteuerland\/#organization"},"potentialAction":[{"@type":"SearchAction","target":{"@type":"EntryPoint","urlTemplate":"https:\/\/faz-hochrhein.de\/abenteuerland\/?s={search_term_string}"},"query-input":{"@type":"PropertyValueSpecification","valueRequired":true,"valueName":"search_term_string"}}],"inLanguage":"de"},{"@type":"Organization","@id":"https:\/\/faz-hochrhein.de\/abenteuerland\/#organization","name":"Familienzentrum Hochrhein","url":"https:\/\/faz-hochrhein.de\/abenteuerland\/","logo":{"@type":"ImageObject","inLanguage":"de","@id":"https:\/\/faz-hochrhein.de\/abenteuerland\/#\/schema\/logo\/image\/","url":"https:\/\/faz-hochrhein.de\/abenteuerland\/wp-content\/uploads\/2016\/03\/Logo-Abenteuerland-Website.png","contentUrl":"https:\/\/faz-hochrhein.de\/abenteuerland\/wp-content\/uploads\/2016\/03\/Logo-Abenteuerland-Website.png","width":478,"height":150,"caption":"Familienzentrum Hochrhein"},"image":{"@id":"https:\/\/faz-hochrhein.de\/abenteuerland\/#\/schema\/logo\/image\/"},"sameAs":["https:\/\/www.facebook.com\/FamilienzentrumHochrhein\/"]}]}},"jetpack_sharing_enabled":true,"uagb_featured_image_src":{"full":["https:\/\/faz-hochrhein.de\/abenteuerland\/wp-content\/uploads\/2020\/10\/Hu\u0308tte-mit-Sandkasten.jpg",1600,1200,false],"thumbnail":["https:\/\/faz-hochrhein.de\/abenteuerland\/wp-content\/uploads\/2020\/10\/Hu\u0308tte-mit-Sandkasten-200x200.jpg",200,200,true],"medium":["https:\/\/faz-hochrhein.de\/abenteuerland\/wp-content\/uploads\/2020\/10\/Hu\u0308tte-mit-Sandkasten-300x225.jpg",300,225,true],"medium_large":["https:\/\/faz-hochrhein.de\/abenteuerland\/wp-content\/uploads\/2020\/10\/Hu\u0308tte-mit-Sandkasten.jpg",1600,1200,false],"large":["https:\/\/faz-hochrhein.de\/abenteuerland\/wp-content\/uploads\/2020\/10\/Hu\u0308tte-mit-Sandkasten-1024x768.jpg",1024,768,true],"1536x1536":["https:\/\/faz-hochrhein.de\/abenteuerland\/wp-content\/uploads\/2020\/10\/Hu\u0308tte-mit-Sandkasten-1536x1152.jpg",1536,1152,true],"2048x2048":["https:\/\/faz-hochrhein.de\/abenteuerland\/wp-content\/uploads\/2020\/10\/Hu\u0308tte-mit-Sandkasten.jpg",1600,1200,false],"ocean-thumb-m":["https:\/\/faz-hochrhein.de\/abenteuerland\/wp-content\/uploads\/2020\/10\/Hu\u0308tte-mit-Sandkasten.jpg",600,450,false],"ocean-thumb-ml":["https:\/\/faz-hochrhein.de\/abenteuerland\/wp-content\/uploads\/2020\/10\/Hu\u0308tte-mit-Sandkasten.jpg",600,450,false],"ocean-thumb-l":["https:\/\/faz-hochrhein.de\/abenteuerland\/wp-content\/uploads\/2020\/10\/Hu\u0308tte-mit-Sandkasten.jpg",933,700,false],"wcicon":["https:\/\/faz-hochrhein.de\/abenteuerland\/wp-content\/uploads\/2020\/10\/Hu\u0308tte-mit-Sandkasten-48x48.jpg",48,48,true],"wcsquare":["https:\/\/faz-hochrhein.de\/abenteuerland\/wp-content\/uploads\/2020\/10\/Hu\u0308tte-mit-Sandkasten-300x300.jpg",300,300,true],"wcsmall":["https:\/\/faz-hochrhein.de\/abenteuerland\/wp-content\/uploads\/2020\/10\/Hu\u0308tte-mit-Sandkasten-250x188.jpg",250,188,true],"wcstandard":["https:\/\/faz-hochrhein.de\/abenteuerland\/wp-content\/uploads\/2020\/10\/Hu\u0308tte-mit-Sandkasten-550x413.jpg",550,413,true],"wcbig":["https:\/\/faz-hochrhein.de\/abenteuerland\/wp-content\/uploads\/2020\/10\/Hu\u0308tte-mit-Sandkasten-800x600.jpg",800,600,true],"wcfixedheightsmall":["https:\/\/faz-hochrhein.de\/abenteuerland\/wp-content\/uploads\/2020\/10\/Hu\u0308tte-mit-Sandkasten-240x180.jpg",240,180,true],"wcfixedheightmedium":["https:\/\/faz-hochrhein.de\/abenteuerland\/wp-content\/uploads\/2020\/10\/Hu\u0308tte-mit-Sandkasten-400x300.jpg",400,300,true],"wcfixedheight":["https:\/\/faz-hochrhein.de\/abenteuerland\/wp-content\/uploads\/2020\/10\/Hu\u0308tte-mit-Sandkasten-667x500.jpg",667,500,true],"wccarouselsmall":["https:\/\/faz-hochrhein.de\/abenteuerland\/wp-content\/uploads\/2020\/10\/Hu\u0308tte-mit-Sandkasten-210x150.jpg",210,150,true],"wccarousel":["https:\/\/faz-hochrhein.de\/abenteuerland\/wp-content\/uploads\/2020\/10\/Hu\u0308tte-mit-Sandkasten-400x285.jpg",400,285,true],"wcslider":["https:\/\/faz-hochrhein.de\/abenteuerland\/wp-content\/uploads\/2020\/10\/Hu\u0308tte-mit-Sandkasten-1100x500.jpg",1100,500,true]},"uagb_author_info":{"display_name":"Abenteuerland Hochrhein","author_link":"https:\/\/faz-hochrhein.de\/abenteuerland\/author\/abenteuerland_admin\/"},"uagb_comment_info":0,"uagb_excerpt":"Unsere Naturgruppe &#8220;Grash\u00fcpfer&#8221; (1,5 bis 3-j\u00e4hrige Kinder) findet ihr vorne links im Abenteuerland (vom Eingang ausgehend). Eine kleine Scheune, ca. 30 m\u00b2, mit Heizung, kindgerechtem, einfachen Mobiliar und \u00fcberdachtem Vorbau. Vor der H\u00fctte k\u00f6nnen die Kinder im gro\u00dfen Sandkasten spielen und bauen. Ein kleiner Stall mit 2 Meerschweinchen geh\u00f6rt ebenso zum Grash\u00fcpfer-Revier wie das kleine&hellip;","_links":{"self":[{"href":"https:\/\/faz-hochrhein.de\/abenteuerland\/wp-json\/wp\/v2\/pages\/2997","targetHints":{"allow":["GET"]}}],"collection":[{"href":"https:\/\/faz-hochrhein.de\/abenteuerland\/wp-json\/wp\/v2\/pages"}],"about":[{"href":"https:\/\/faz-hochrhein.de\/abenteuerland\/wp-json\/wp\/v2\/types\/page"}],"author":[{"embeddable":true,"href":"https:\/\/faz-hochrhein.de\/abenteuerland\/wp-json\/wp\/v2\/users\/1"}],"replies":[{"embeddable":true,"href":"https:\/\/faz-hochrhein.de\/abenteuerland\/wp-json\/wp\/v2\/comments?post=2997"}],"version-history":[{"count":5,"href":"https:\/\/faz-hochrhein.de\/abenteuerland\/wp-json\/wp\/v2\/pages\/2997\/revisions"}],"predecessor-version":[{"id":3524,"href":"https:\/\/faz-hochrhein.de\/abenteuerland\/wp-json\/wp\/v2\/pages\/2997\/revisions\/3524"}],"up":[{"embeddable":true,"href":"https:\/\/faz-hochrhein.de\/abenteuerland\/wp-json\/wp\/v2\/pages\/10"}],"wp:featuredmedia":[{"embeddable":true,"href":"https:\/\/faz-hochrhein.de\/abenteuerland\/wp-json\/wp\/v2\/media\/2832"}],"wp:attachment":[{"href":"https:\/\/faz-hochrhein.de\/abenteuerland\/wp-json\/wp\/v2\/media?parent=2997"}],"curies":[{"name":"wp","href":"https:\/\/api.w.org\/{rel}","templated":true}]}}