{"id":2981,"date":"2020-12-06T12:57:13","date_gmt":"2020-12-06T11:57:13","guid":{"rendered":"https:\/\/faz-hochrhein.de\/abenteuerland\/?page_id=2981"},"modified":"2025-11-18T10:43:10","modified_gmt":"2025-11-18T09:43:10","slug":"acker","status":"publish","type":"page","link":"https:\/\/faz-hochrhein.de\/abenteuerland\/ueber-uns\/acker\/","title":{"rendered":"Garten und mehr"},"content":{"rendered":"\n<p>Unseren Garten findet ihr links neben der Kinderwerkstatt. Dort bauen wir in drei Hochbeeten unterschiedlicher H\u00f6he Gem\u00fcse an, die wir von der Saat bis zur Ernte begleiten.<\/p>\n\n\n\n<p>Daneben gibt es ein kleines Biotop, indem man Eidechsen und Fr\u00f6sche beobachten kann.<\/p>\n\n\n\n<p>Zus\u00e4tzlich haben wir noch unser Holzlager in dieser Ecke.<\/p>\n\n\n\n<div class=\"wp-block-jetpack-slideshow aligncenter\" data-effect=\"slide\"><div class=\"wp-block-jetpack-slideshow_container swiper-container\"><ul class=\"wp-block-jetpack-slideshow_swiper-wrapper swiper-wrapper\"><li class=\"wp-block-jetpack-slideshow_slide swiper-slide\"><figure><img loading=\"lazy\" decoding=\"async\" width=\"1024\" height=\"682\" alt=\"Gem\u00fcse-Acker im Juni\" class=\"wp-block-jetpack-slideshow_image wp-image-1975\" data-id=\"1975\" src=\"https:\/\/faz-hochrhein.de\/abenteuerland\/wp-content\/uploads\/2019\/06\/Juni-pflanzen3-1024x682.jpg\" srcset=\"https:\/\/faz-hochrhein.de\/abenteuerland\/wp-content\/uploads\/2019\/06\/Juni-pflanzen3-1024x682.jpg 1024w, https:\/\/faz-hochrhein.de\/abenteuerland\/wp-content\/uploads\/2019\/06\/Juni-pflanzen3-300x200.jpg 300w, https:\/\/faz-hochrhein.de\/abenteuerland\/wp-content\/uploads\/2019\/06\/Juni-pflanzen3-250x166.jpg 250w, https:\/\/faz-hochrhein.de\/abenteuerland\/wp-content\/uploads\/2019\/06\/Juni-pflanzen3-550x366.jpg 550w, https:\/\/faz-hochrhein.de\/abenteuerland\/wp-content\/uploads\/2019\/06\/Juni-pflanzen3-800x533.jpg 800w, https:\/\/faz-hochrhein.de\/abenteuerland\/wp-content\/uploads\/2019\/06\/Juni-pflanzen3-270x180.jpg 270w, https:\/\/faz-hochrhein.de\/abenteuerland\/wp-content\/uploads\/2019\/06\/Juni-pflanzen3-450x300.jpg 450w, https:\/\/faz-hochrhein.de\/abenteuerland\/wp-content\/uploads\/2019\/06\/Juni-pflanzen3-750x500.jpg 750w\" sizes=\"auto, (max-width: 1024px) 100vw, 1024px\" \/><figcaption class=\"wp-block-jetpack-slideshow_caption gallery-caption\">Foto: Dieter Sch\u00e4uble<\/figcaption><\/figure><\/li><li class=\"wp-block-jetpack-slideshow_slide swiper-slide\"><figure><img loading=\"lazy\" decoding=\"async\" width=\"1024\" height=\"682\" alt=\"Gem\u00fcse-Acker im Juni\" class=\"wp-block-jetpack-slideshow_image wp-image-1973\" data-id=\"1973\" src=\"https:\/\/faz-hochrhein.de\/abenteuerland\/wp-content\/uploads\/2019\/06\/Juni-pflanzen1-1024x682.jpg\" srcset=\"https:\/\/faz-hochrhein.de\/abenteuerland\/wp-content\/uploads\/2019\/06\/Juni-pflanzen1-1024x682.jpg 1024w, https:\/\/faz-hochrhein.de\/abenteuerland\/wp-content\/uploads\/2019\/06\/Juni-pflanzen1-300x200.jpg 300w, https:\/\/faz-hochrhein.de\/abenteuerland\/wp-content\/uploads\/2019\/06\/Juni-pflanzen1-250x166.jpg 250w, https:\/\/faz-hochrhein.de\/abenteuerland\/wp-content\/uploads\/2019\/06\/Juni-pflanzen1-550x366.jpg 550w, https:\/\/faz-hochrhein.de\/abenteuerland\/wp-content\/uploads\/2019\/06\/Juni-pflanzen1-800x533.jpg 800w, https:\/\/faz-hochrhein.de\/abenteuerland\/wp-content\/uploads\/2019\/06\/Juni-pflanzen1-270x180.jpg 270w, https:\/\/faz-hochrhein.de\/abenteuerland\/wp-content\/uploads\/2019\/06\/Juni-pflanzen1-450x300.jpg 450w, https:\/\/faz-hochrhein.de\/abenteuerland\/wp-content\/uploads\/2019\/06\/Juni-pflanzen1-749x500.jpg 749w\" sizes=\"auto, (max-width: 1024px) 100vw, 1024px\" \/><figcaption class=\"wp-block-jetpack-slideshow_caption gallery-caption\">Foto: Dieter Sch\u00e4uble<\/figcaption><\/figure><\/li><li class=\"wp-block-jetpack-slideshow_slide swiper-slide\"><figure><img loading=\"lazy\" decoding=\"async\" width=\"1024\" height=\"682\" alt=\"Familientag 2019\" class=\"wp-block-jetpack-slideshow_image wp-image-2130\" data-id=\"2130\" src=\"https:\/\/faz-hochrhein.de\/abenteuerland\/wp-content\/uploads\/2019\/07\/vom-Acker-aus-1024x682.jpg\" srcset=\"https:\/\/faz-hochrhein.de\/abenteuerland\/wp-content\/uploads\/2019\/07\/vom-Acker-aus-1024x682.jpg 1024w, https:\/\/faz-hochrhein.de\/abenteuerland\/wp-content\/uploads\/2019\/07\/vom-Acker-aus-300x200.jpg 300w, https:\/\/faz-hochrhein.de\/abenteuerland\/wp-content\/uploads\/2019\/07\/vom-Acker-aus-250x166.jpg 250w, https:\/\/faz-hochrhein.de\/abenteuerland\/wp-content\/uploads\/2019\/07\/vom-Acker-aus-550x366.jpg 550w, https:\/\/faz-hochrhein.de\/abenteuerland\/wp-content\/uploads\/2019\/07\/vom-Acker-aus-800x533.jpg 800w, https:\/\/faz-hochrhein.de\/abenteuerland\/wp-content\/uploads\/2019\/07\/vom-Acker-aus-270x180.jpg 270w, https:\/\/faz-hochrhein.de\/abenteuerland\/wp-content\/uploads\/2019\/07\/vom-Acker-aus-450x300.jpg 450w, https:\/\/faz-hochrhein.de\/abenteuerland\/wp-content\/uploads\/2019\/07\/vom-Acker-aus-750x500.jpg 750w\" sizes=\"auto, (max-width: 1024px) 100vw, 1024px\" \/><\/figure><\/li><li class=\"wp-block-jetpack-slideshow_slide swiper-slide\"><figure><img loading=\"lazy\" decoding=\"async\" width=\"1024\" height=\"574\" alt=\"Gem\u00fcse-Acker im Abenteuerland\" class=\"wp-block-jetpack-slideshow_image wp-image-1893\" data-id=\"1893\" src=\"https:\/\/faz-hochrhein.de\/abenteuerland\/wp-content\/uploads\/2019\/05\/Beete-fertig-1024x574.jpg\" srcset=\"https:\/\/faz-hochrhein.de\/abenteuerland\/wp-content\/uploads\/2019\/05\/Beete-fertig-1024x574.jpg 1024w, https:\/\/faz-hochrhein.de\/abenteuerland\/wp-content\/uploads\/2019\/05\/Beete-fertig-300x168.jpg 300w, https:\/\/faz-hochrhein.de\/abenteuerland\/wp-content\/uploads\/2019\/05\/Beete-fertig-250x140.jpg 250w, https:\/\/faz-hochrhein.de\/abenteuerland\/wp-content\/uploads\/2019\/05\/Beete-fertig-550x308.jpg 550w, https:\/\/faz-hochrhein.de\/abenteuerland\/wp-content\/uploads\/2019\/05\/Beete-fertig-800x449.jpg 800w, https:\/\/faz-hochrhein.de\/abenteuerland\/wp-content\/uploads\/2019\/05\/Beete-fertig-320x180.jpg 320w, https:\/\/faz-hochrhein.de\/abenteuerland\/wp-content\/uploads\/2019\/05\/Beete-fertig-534x300.jpg 534w, https:\/\/faz-hochrhein.de\/abenteuerland\/wp-content\/uploads\/2019\/05\/Beete-fertig-890x500.jpg 890w, https:\/\/faz-hochrhein.de\/abenteuerland\/wp-content\/uploads\/2019\/05\/Beete-fertig.jpg 1600w\" sizes=\"auto, (max-width: 1024px) 100vw, 1024px\" \/><\/figure><\/li><li class=\"wp-block-jetpack-slideshow_slide swiper-slide\"><figure><img loading=\"lazy\" decoding=\"async\" width=\"1024\" height=\"768\" alt=\"Gem\u00fcse-Acker im Abenteuerland\" class=\"wp-block-jetpack-slideshow_image wp-image-1897\" data-id=\"1897\" src=\"https:\/\/faz-hochrhein.de\/abenteuerland\/wp-content\/uploads\/2019\/05\/IMG-20190502-WA0007-1024x768.jpg\" srcset=\"https:\/\/faz-hochrhein.de\/abenteuerland\/wp-content\/uploads\/2019\/05\/IMG-20190502-WA0007-1024x768.jpg 1024w, https:\/\/faz-hochrhein.de\/abenteuerland\/wp-content\/uploads\/2019\/05\/IMG-20190502-WA0007-300x225.jpg 300w, https:\/\/faz-hochrhein.de\/abenteuerland\/wp-content\/uploads\/2019\/05\/IMG-20190502-WA0007-250x187.jpg 250w, https:\/\/faz-hochrhein.de\/abenteuerland\/wp-content\/uploads\/2019\/05\/IMG-20190502-WA0007-550x412.jpg 550w, https:\/\/faz-hochrhein.de\/abenteuerland\/wp-content\/uploads\/2019\/05\/IMG-20190502-WA0007-800x600.jpg 800w, https:\/\/faz-hochrhein.de\/abenteuerland\/wp-content\/uploads\/2019\/05\/IMG-20190502-WA0007-240x180.jpg 240w, https:\/\/faz-hochrhein.de\/abenteuerland\/wp-content\/uploads\/2019\/05\/IMG-20190502-WA0007-400x300.jpg 400w, https:\/\/faz-hochrhein.de\/abenteuerland\/wp-content\/uploads\/2019\/05\/IMG-20190502-WA0007-666x500.jpg 666w, https:\/\/faz-hochrhein.de\/abenteuerland\/wp-content\/uploads\/2019\/05\/IMG-20190502-WA0007.jpg 1600w\" sizes=\"auto, (max-width: 1024px) 100vw, 1024px\" \/><\/figure><\/li><li class=\"wp-block-jetpack-slideshow_slide swiper-slide\"><figure><img decoding=\"async\" alt=\"Gem\u00fcse-Acker im Juni\" class=\"wp-block-jetpack-slideshow_image wp-image-1964\" data-id=\"1964\" src=\"https:\/\/faz-hochrhein.de\/abenteuerland\/wp-content\/uploads\/2019\/06\/Juni-Gel\u00e4nde-1024x682.jpg\"\/><figcaption class=\"wp-block-jetpack-slideshow_caption gallery-caption\">Foto: Dieter Sch\u00e4uble<\/figcaption><\/figure><\/li><li class=\"wp-block-jetpack-slideshow_slide swiper-slide\"><figure><img loading=\"lazy\" decoding=\"async\" width=\"1024\" height=\"682\" alt=\"Gem\u00fcse-Acker im Juni\" class=\"wp-block-jetpack-slideshow_image wp-image-1961\" data-id=\"1961\" src=\"https:\/\/faz-hochrhein.de\/abenteuerland\/wp-content\/uploads\/2019\/06\/Juni-alle1-1024x682.jpg\" srcset=\"https:\/\/faz-hochrhein.de\/abenteuerland\/wp-content\/uploads\/2019\/06\/Juni-alle1-1024x682.jpg 1024w, https:\/\/faz-hochrhein.de\/abenteuerland\/wp-content\/uploads\/2019\/06\/Juni-alle1-300x200.jpg 300w, https:\/\/faz-hochrhein.de\/abenteuerland\/wp-content\/uploads\/2019\/06\/Juni-alle1-250x166.jpg 250w, https:\/\/faz-hochrhein.de\/abenteuerland\/wp-content\/uploads\/2019\/06\/Juni-alle1-550x366.jpg 550w, https:\/\/faz-hochrhein.de\/abenteuerland\/wp-content\/uploads\/2019\/06\/Juni-alle1-800x533.jpg 800w, https:\/\/faz-hochrhein.de\/abenteuerland\/wp-content\/uploads\/2019\/06\/Juni-alle1-270x180.jpg 270w, https:\/\/faz-hochrhein.de\/abenteuerland\/wp-content\/uploads\/2019\/06\/Juni-alle1-450x300.jpg 450w, https:\/\/faz-hochrhein.de\/abenteuerland\/wp-content\/uploads\/2019\/06\/Juni-alle1-750x500.jpg 750w\" sizes=\"auto, (max-width: 1024px) 100vw, 1024px\" \/><figcaption class=\"wp-block-jetpack-slideshow_caption gallery-caption\">Foto: Dieter Sch\u00e4uble<\/figcaption><\/figure><\/li><li class=\"wp-block-jetpack-slideshow_slide swiper-slide\"><figure><img loading=\"lazy\" decoding=\"async\" width=\"1024\" height=\"682\" alt=\"Gem\u00fcse-Acker im Juni\" class=\"wp-block-jetpack-slideshow_image wp-image-1971\" data-id=\"1971\" src=\"https:\/\/faz-hochrhein.de\/abenteuerland\/wp-content\/uploads\/2019\/06\/Juni-Pflanze2-1024x682.jpg\" srcset=\"https:\/\/faz-hochrhein.de\/abenteuerland\/wp-content\/uploads\/2019\/06\/Juni-Pflanze2-1024x682.jpg 1024w, https:\/\/faz-hochrhein.de\/abenteuerland\/wp-content\/uploads\/2019\/06\/Juni-Pflanze2-300x200.jpg 300w, https:\/\/faz-hochrhein.de\/abenteuerland\/wp-content\/uploads\/2019\/06\/Juni-Pflanze2-250x166.jpg 250w, https:\/\/faz-hochrhein.de\/abenteuerland\/wp-content\/uploads\/2019\/06\/Juni-Pflanze2-550x366.jpg 550w, https:\/\/faz-hochrhein.de\/abenteuerland\/wp-content\/uploads\/2019\/06\/Juni-Pflanze2-800x533.jpg 800w, https:\/\/faz-hochrhein.de\/abenteuerland\/wp-content\/uploads\/2019\/06\/Juni-Pflanze2-269x180.jpg 269w, https:\/\/faz-hochrhein.de\/abenteuerland\/wp-content\/uploads\/2019\/06\/Juni-Pflanze2-449x300.jpg 449w, https:\/\/faz-hochrhein.de\/abenteuerland\/wp-content\/uploads\/2019\/06\/Juni-Pflanze2-749x500.jpg 749w\" sizes=\"auto, (max-width: 1024px) 100vw, 1024px\" \/><figcaption class=\"wp-block-jetpack-slideshow_caption gallery-caption\">Gem\u00fcseAckerdemie<\/figcaption><\/figure><\/li><\/ul><a class=\"wp-block-jetpack-slideshow_button-prev swiper-button-prev swiper-button-white\" role=\"button\"><\/a><a class=\"wp-block-jetpack-slideshow_button-next swiper-button-next swiper-button-white\" role=\"button\"><\/a><a aria-label=\"Pause Slideshow\" class=\"wp-block-jetpack-slideshow_button-pause\" role=\"button\"><\/a><div class=\"wp-block-jetpack-slideshow_pagination swiper-pagination swiper-pagination-white\"><\/div><\/div><\/div>\n\n\n\n<p><\/p>\n","protected":false},"excerpt":{"rendered":"<p>Unseren Garten findet ihr links neben der Kinderwerkstatt. Dort bauen wir in drei Hochbeeten unterschiedlicher H\u00f6he Gem\u00fcse an, die wir von der Saat bis zur Ernte begleiten. Daneben gibt es ein kleines Biotop, indem man Eidechsen und Fr\u00f6sche beobachten kann. Zus\u00e4tzlich haben wir noch unser Holzlager in dieser Ecke.<\/p>\n","protected":false},"author":1,"featured_media":1960,"parent":10,"menu_order":0,"comment_status":"closed","ping_status":"closed","template":"","meta":{"_uag_custom_page_level_css":"","ocean_post_layout":"","ocean_both_sidebars_style":"","ocean_both_sidebars_content_width":0,"ocean_both_sidebars_sidebars_width":0,"ocean_sidebar":"0","ocean_second_sidebar":"0","ocean_disable_margins":"enable","ocean_add_body_class":"","ocean_shortcode_before_top_bar":"","ocean_shortcode_after_top_bar":"","ocean_shortcode_before_header":"","ocean_shortcode_after_header":"","ocean_has_shortcode":"","ocean_shortcode_after_title":"","ocean_shortcode_before_footer_widgets":"","ocean_shortcode_after_footer_widgets":"","ocean_shortcode_before_footer_bottom":"","ocean_shortcode_after_footer_bottom":"","ocean_display_top_bar":"default","ocean_display_header":"default","ocean_header_style":"","ocean_center_header_left_menu":"0","ocean_custom_header_template":"0","ocean_custom_logo":0,"ocean_custom_retina_logo":0,"ocean_custom_logo_max_width":0,"ocean_custom_logo_tablet_max_width":0,"ocean_custom_logo_mobile_max_width":0,"ocean_custom_logo_max_height":0,"ocean_custom_logo_tablet_max_height":0,"ocean_custom_logo_mobile_max_height":0,"ocean_header_custom_menu":"0","ocean_menu_typo_font_family":"0","ocean_menu_typo_font_subset":"","ocean_menu_typo_font_size":0,"ocean_menu_typo_font_size_tablet":0,"ocean_menu_typo_font_size_mobile":0,"ocean_menu_typo_font_size_unit":"px","ocean_menu_typo_font_weight":"","ocean_menu_typo_font_weight_tablet":"","ocean_menu_typo_font_weight_mobile":"","ocean_menu_typo_transform":"","ocean_menu_typo_transform_tablet":"","ocean_menu_typo_transform_mobile":"","ocean_menu_typo_line_height":0,"ocean_menu_typo_line_height_tablet":0,"ocean_menu_typo_line_height_mobile":0,"ocean_menu_typo_line_height_unit":"","ocean_menu_typo_spacing":0,"ocean_menu_typo_spacing_tablet":0,"ocean_menu_typo_spacing_mobile":0,"ocean_menu_typo_spacing_unit":"","ocean_menu_link_color":"","ocean_menu_link_color_hover":"","ocean_menu_link_color_active":"","ocean_menu_link_background":"","ocean_menu_link_hover_background":"","ocean_menu_link_active_background":"","ocean_menu_social_links_bg":"","ocean_menu_social_hover_links_bg":"","ocean_menu_social_links_color":"","ocean_menu_social_hover_links_color":"","ocean_disable_title":"default","ocean_disable_heading":"default","ocean_post_title":"","ocean_post_subheading":"","ocean_post_title_style":"","ocean_post_title_background_color":"","ocean_post_title_background":0,"ocean_post_title_bg_image_position":"","ocean_post_title_bg_image_attachment":"","ocean_post_title_bg_image_repeat":"","ocean_post_title_bg_image_size":"","ocean_post_title_height":0,"ocean_post_title_bg_overlay":0.5,"ocean_post_title_bg_overlay_color":"","ocean_disable_breadcrumbs":"default","ocean_breadcrumbs_color":"","ocean_breadcrumbs_separator_color":"","ocean_breadcrumbs_links_color":"","ocean_breadcrumbs_links_hover_color":"","ocean_display_footer_widgets":"default","ocean_display_footer_bottom":"default","ocean_custom_footer_template":"0","footnotes":""},"class_list":["post-2981","page","type-page","status-publish","has-post-thumbnail","hentry","entry","has-media"],"yoast_head":"<!-- This site is optimized with the Yoast SEO plugin v23.9 - https:\/\/yoast.com\/wordpress\/plugins\/seo\/ -->\n<title>Garten und mehr &#8211; Abenteuerland Hochrhein in Lauchringen<\/title>\n<meta name=\"robots\" content=\"index, follow, max-snippet:-1, max-image-preview:large, max-video-preview:-1\" \/>\n<link rel=\"canonical\" href=\"https:\/\/faz-hochrhein.de\/abenteuerland\/ueber-uns\/acker\/\" \/>\n<meta property=\"og:locale\" content=\"de_DE\" \/>\n<meta property=\"og:type\" content=\"article\" \/>\n<meta property=\"og:title\" content=\"Garten und mehr &#8211; Abenteuerland Hochrhein in Lauchringen\" \/>\n<meta property=\"og:description\" content=\"Unseren Garten findet ihr links neben der Kinderwerkstatt. Dort bauen wir in drei Hochbeeten unterschiedlicher H\u00f6he Gem\u00fcse an, die wir von der Saat bis zur Ernte begleiten. Daneben gibt es ein kleines Biotop, indem man Eidechsen und Fr\u00f6sche beobachten kann. Zus\u00e4tzlich haben wir noch unser Holzlager in dieser Ecke.\" \/>\n<meta property=\"og:url\" content=\"https:\/\/faz-hochrhein.de\/abenteuerland\/ueber-uns\/acker\/\" \/>\n<meta property=\"og:site_name\" content=\"Abenteuerland Hochrhein in Lauchringen\" \/>\n<meta property=\"article:publisher\" content=\"https:\/\/www.facebook.com\/FamilienzentrumHochrhein\/\" \/>\n<meta property=\"article:modified_time\" content=\"2025-11-18T09:43:10+00:00\" \/>\n<meta property=\"og:image\" content=\"https:\/\/faz-hochrhein.de\/abenteuerland\/wp-content\/uploads\/2019\/06\/Juni-Ackerpflanzen.jpg\" \/>\n\t<meta property=\"og:image:width\" content=\"3000\" \/>\n\t<meta property=\"og:image:height\" content=\"2000\" \/>\n\t<meta property=\"og:image:type\" content=\"image\/jpeg\" \/>\n<meta name=\"twitter:card\" content=\"summary_large_image\" \/>\n<meta name=\"twitter:label1\" content=\"Gesch\u00e4tzte Lesezeit\" \/>\n\t<meta name=\"twitter:data1\" content=\"3\u00a0Minuten\" \/>\n<script type=\"application\/ld+json\" class=\"yoast-schema-graph\">{\"@context\":\"https:\/\/schema.org\",\"@graph\":[{\"@type\":\"WebPage\",\"@id\":\"https:\/\/faz-hochrhein.de\/abenteuerland\/ueber-uns\/acker\/\",\"url\":\"https:\/\/faz-hochrhein.de\/abenteuerland\/ueber-uns\/acker\/\",\"name\":\"Garten und mehr &#8211; Abenteuerland Hochrhein in Lauchringen\",\"isPartOf\":{\"@id\":\"https:\/\/faz-hochrhein.de\/abenteuerland\/#website\"},\"primaryImageOfPage\":{\"@id\":\"https:\/\/faz-hochrhein.de\/abenteuerland\/ueber-uns\/acker\/#primaryimage\"},\"image\":{\"@id\":\"https:\/\/faz-hochrhein.de\/abenteuerland\/ueber-uns\/acker\/#primaryimage\"},\"thumbnailUrl\":\"https:\/\/faz-hochrhein.de\/abenteuerland\/wp-content\/uploads\/2019\/06\/Juni-Ackerpflanzen.jpg\",\"datePublished\":\"2020-12-06T11:57:13+00:00\",\"dateModified\":\"2025-11-18T09:43:10+00:00\",\"breadcrumb\":{\"@id\":\"https:\/\/faz-hochrhein.de\/abenteuerland\/ueber-uns\/acker\/#breadcrumb\"},\"inLanguage\":\"de\",\"potentialAction\":[{\"@type\":\"ReadAction\",\"target\":[\"https:\/\/faz-hochrhein.de\/abenteuerland\/ueber-uns\/acker\/\"]}]},{\"@type\":\"ImageObject\",\"inLanguage\":\"de\",\"@id\":\"https:\/\/faz-hochrhein.de\/abenteuerland\/ueber-uns\/acker\/#primaryimage\",\"url\":\"https:\/\/faz-hochrhein.de\/abenteuerland\/wp-content\/uploads\/2019\/06\/Juni-Ackerpflanzen.jpg\",\"contentUrl\":\"https:\/\/faz-hochrhein.de\/abenteuerland\/wp-content\/uploads\/2019\/06\/Juni-Ackerpflanzen.jpg\",\"width\":3000,\"height\":2000,\"caption\":\"Foto: Dieter Sch\u00e4uble\"},{\"@type\":\"BreadcrumbList\",\"@id\":\"https:\/\/faz-hochrhein.de\/abenteuerland\/ueber-uns\/acker\/#breadcrumb\",\"itemListElement\":[{\"@type\":\"ListItem\",\"position\":1,\"name\":\"Home\",\"item\":\"https:\/\/faz-hochrhein.de\/abenteuerland\/\"},{\"@type\":\"ListItem\",\"position\":2,\"name\":\"Das Abenteuerland\",\"item\":\"https:\/\/faz-hochrhein.de\/abenteuerland\/ueber-uns\/\"},{\"@type\":\"ListItem\",\"position\":3,\"name\":\"Garten und mehr\"}]},{\"@type\":\"WebSite\",\"@id\":\"https:\/\/faz-hochrhein.de\/abenteuerland\/#website\",\"url\":\"https:\/\/faz-hochrhein.de\/abenteuerland\/\",\"name\":\"Abenteuerland Hochrhein in Lauchringen\",\"description\":\"Freie Entfaltung f\u00fcr Kinder &amp; Jugendliche\",\"publisher\":{\"@id\":\"https:\/\/faz-hochrhein.de\/abenteuerland\/#organization\"},\"potentialAction\":[{\"@type\":\"SearchAction\",\"target\":{\"@type\":\"EntryPoint\",\"urlTemplate\":\"https:\/\/faz-hochrhein.de\/abenteuerland\/?s={search_term_string}\"},\"query-input\":{\"@type\":\"PropertyValueSpecification\",\"valueRequired\":true,\"valueName\":\"search_term_string\"}}],\"inLanguage\":\"de\"},{\"@type\":\"Organization\",\"@id\":\"https:\/\/faz-hochrhein.de\/abenteuerland\/#organization\",\"name\":\"Familienzentrum Hochrhein\",\"url\":\"https:\/\/faz-hochrhein.de\/abenteuerland\/\",\"logo\":{\"@type\":\"ImageObject\",\"inLanguage\":\"de\",\"@id\":\"https:\/\/faz-hochrhein.de\/abenteuerland\/#\/schema\/logo\/image\/\",\"url\":\"https:\/\/faz-hochrhein.de\/abenteuerland\/wp-content\/uploads\/2016\/03\/Logo-Abenteuerland-Website.png\",\"contentUrl\":\"https:\/\/faz-hochrhein.de\/abenteuerland\/wp-content\/uploads\/2016\/03\/Logo-Abenteuerland-Website.png\",\"width\":478,\"height\":150,\"caption\":\"Familienzentrum Hochrhein\"},\"image\":{\"@id\":\"https:\/\/faz-hochrhein.de\/abenteuerland\/#\/schema\/logo\/image\/\"},\"sameAs\":[\"https:\/\/www.facebook.com\/FamilienzentrumHochrhein\/\"]}]}<\/script>\n<!-- \/ Yoast SEO plugin. -->","yoast_head_json":{"title":"Garten und mehr &#8211; Abenteuerland Hochrhein in Lauchringen","robots":{"index":"index","follow":"follow","max-snippet":"max-snippet:-1","max-image-preview":"max-image-preview:large","max-video-preview":"max-video-preview:-1"},"canonical":"https:\/\/faz-hochrhein.de\/abenteuerland\/ueber-uns\/acker\/","og_locale":"de_DE","og_type":"article","og_title":"Garten und mehr &#8211; Abenteuerland Hochrhein in Lauchringen","og_description":"Unseren Garten findet ihr links neben der Kinderwerkstatt. Dort bauen wir in drei Hochbeeten unterschiedlicher H\u00f6he Gem\u00fcse an, die wir von der Saat bis zur Ernte begleiten. Daneben gibt es ein kleines Biotop, indem man Eidechsen und Fr\u00f6sche beobachten kann. Zus\u00e4tzlich haben wir noch unser Holzlager in dieser Ecke.","og_url":"https:\/\/faz-hochrhein.de\/abenteuerland\/ueber-uns\/acker\/","og_site_name":"Abenteuerland Hochrhein in Lauchringen","article_publisher":"https:\/\/www.facebook.com\/FamilienzentrumHochrhein\/","article_modified_time":"2025-11-18T09:43:10+00:00","og_image":[{"width":3000,"height":2000,"url":"https:\/\/faz-hochrhein.de\/abenteuerland\/wp-content\/uploads\/2019\/06\/Juni-Ackerpflanzen.jpg","type":"image\/jpeg"}],"twitter_card":"summary_large_image","twitter_misc":{"Gesch\u00e4tzte Lesezeit":"3\u00a0Minuten"},"schema":{"@context":"https:\/\/schema.org","@graph":[{"@type":"WebPage","@id":"https:\/\/faz-hochrhein.de\/abenteuerland\/ueber-uns\/acker\/","url":"https:\/\/faz-hochrhein.de\/abenteuerland\/ueber-uns\/acker\/","name":"Garten und mehr &#8211; Abenteuerland Hochrhein in Lauchringen","isPartOf":{"@id":"https:\/\/faz-hochrhein.de\/abenteuerland\/#website"},"primaryImageOfPage":{"@id":"https:\/\/faz-hochrhein.de\/abenteuerland\/ueber-uns\/acker\/#primaryimage"},"image":{"@id":"https:\/\/faz-hochrhein.de\/abenteuerland\/ueber-uns\/acker\/#primaryimage"},"thumbnailUrl":"https:\/\/faz-hochrhein.de\/abenteuerland\/wp-content\/uploads\/2019\/06\/Juni-Ackerpflanzen.jpg","datePublished":"2020-12-06T11:57:13+00:00","dateModified":"2025-11-18T09:43:10+00:00","breadcrumb":{"@id":"https:\/\/faz-hochrhein.de\/abenteuerland\/ueber-uns\/acker\/#breadcrumb"},"inLanguage":"de","potentialAction":[{"@type":"ReadAction","target":["https:\/\/faz-hochrhein.de\/abenteuerland\/ueber-uns\/acker\/"]}]},{"@type":"ImageObject","inLanguage":"de","@id":"https:\/\/faz-hochrhein.de\/abenteuerland\/ueber-uns\/acker\/#primaryimage","url":"https:\/\/faz-hochrhein.de\/abenteuerland\/wp-content\/uploads\/2019\/06\/Juni-Ackerpflanzen.jpg","contentUrl":"https:\/\/faz-hochrhein.de\/abenteuerland\/wp-content\/uploads\/2019\/06\/Juni-Ackerpflanzen.jpg","width":3000,"height":2000,"caption":"Foto: Dieter Sch\u00e4uble"},{"@type":"BreadcrumbList","@id":"https:\/\/faz-hochrhein.de\/abenteuerland\/ueber-uns\/acker\/#breadcrumb","itemListElement":[{"@type":"ListItem","position":1,"name":"Home","item":"https:\/\/faz-hochrhein.de\/abenteuerland\/"},{"@type":"ListItem","position":2,"name":"Das Abenteuerland","item":"https:\/\/faz-hochrhein.de\/abenteuerland\/ueber-uns\/"},{"@type":"ListItem","position":3,"name":"Garten und mehr"}]},{"@type":"WebSite","@id":"https:\/\/faz-hochrhein.de\/abenteuerland\/#website","url":"https:\/\/faz-hochrhein.de\/abenteuerland\/","name":"Abenteuerland Hochrhein in Lauchringen","description":"Freie Entfaltung f\u00fcr Kinder &amp; Jugendliche","publisher":{"@id":"https:\/\/faz-hochrhein.de\/abenteuerland\/#organization"},"potentialAction":[{"@type":"SearchAction","target":{"@type":"EntryPoint","urlTemplate":"https:\/\/faz-hochrhein.de\/abenteuerland\/?s={search_term_string}"},"query-input":{"@type":"PropertyValueSpecification","valueRequired":true,"valueName":"search_term_string"}}],"inLanguage":"de"},{"@type":"Organization","@id":"https:\/\/faz-hochrhein.de\/abenteuerland\/#organization","name":"Familienzentrum Hochrhein","url":"https:\/\/faz-hochrhein.de\/abenteuerland\/","logo":{"@type":"ImageObject","inLanguage":"de","@id":"https:\/\/faz-hochrhein.de\/abenteuerland\/#\/schema\/logo\/image\/","url":"https:\/\/faz-hochrhein.de\/abenteuerland\/wp-content\/uploads\/2016\/03\/Logo-Abenteuerland-Website.png","contentUrl":"https:\/\/faz-hochrhein.de\/abenteuerland\/wp-content\/uploads\/2016\/03\/Logo-Abenteuerland-Website.png","width":478,"height":150,"caption":"Familienzentrum Hochrhein"},"image":{"@id":"https:\/\/faz-hochrhein.de\/abenteuerland\/#\/schema\/logo\/image\/"},"sameAs":["https:\/\/www.facebook.com\/FamilienzentrumHochrhein\/"]}]}},"jetpack_sharing_enabled":true,"uagb_featured_image_src":{"full":["https:\/\/faz-hochrhein.de\/abenteuerland\/wp-content\/uploads\/2019\/06\/Juni-Ackerpflanzen.jpg",3000,2000,false],"thumbnail":["https:\/\/faz-hochrhein.de\/abenteuerland\/wp-content\/uploads\/2019\/06\/Juni-Ackerpflanzen-200x200.jpg",200,200,true],"medium":["https:\/\/faz-hochrhein.de\/abenteuerland\/wp-content\/uploads\/2019\/06\/Juni-Ackerpflanzen-300x200.jpg",300,200,true],"medium_large":["https:\/\/faz-hochrhein.de\/abenteuerland\/wp-content\/uploads\/2019\/06\/Juni-Ackerpflanzen.jpg",3000,2000,false],"large":["https:\/\/faz-hochrhein.de\/abenteuerland\/wp-content\/uploads\/2019\/06\/Juni-Ackerpflanzen-1024x682.jpg",1024,682,true],"1536x1536":["https:\/\/faz-hochrhein.de\/abenteuerland\/wp-content\/uploads\/2019\/06\/Juni-Ackerpflanzen.jpg",1536,1024,false],"2048x2048":["https:\/\/faz-hochrhein.de\/abenteuerland\/wp-content\/uploads\/2019\/06\/Juni-Ackerpflanzen.jpg",2048,1365,false],"ocean-thumb-m":["https:\/\/faz-hochrhein.de\/abenteuerland\/wp-content\/uploads\/2019\/06\/Juni-Ackerpflanzen.jpg",600,400,false],"ocean-thumb-ml":["https:\/\/faz-hochrhein.de\/abenteuerland\/wp-content\/uploads\/2019\/06\/Juni-Ackerpflanzen.jpg",675,450,false],"ocean-thumb-l":["https:\/\/faz-hochrhein.de\/abenteuerland\/wp-content\/uploads\/2019\/06\/Juni-Ackerpflanzen.jpg",1050,700,false],"wcicon":["https:\/\/faz-hochrhein.de\/abenteuerland\/wp-content\/uploads\/2019\/06\/Juni-Ackerpflanzen-48x48.jpg",48,48,true],"wcsquare":["https:\/\/faz-hochrhein.de\/abenteuerland\/wp-content\/uploads\/2019\/06\/Juni-Ackerpflanzen-300x300.jpg",300,300,true],"wcsmall":["https:\/\/faz-hochrhein.de\/abenteuerland\/wp-content\/uploads\/2019\/06\/Juni-Ackerpflanzen-250x166.jpg",250,166,true],"wcstandard":["https:\/\/faz-hochrhein.de\/abenteuerland\/wp-content\/uploads\/2019\/06\/Juni-Ackerpflanzen-550x366.jpg",550,366,true],"wcbig":["https:\/\/faz-hochrhein.de\/abenteuerland\/wp-content\/uploads\/2019\/06\/Juni-Ackerpflanzen-800x533.jpg",800,533,true],"wcfixedheightsmall":["https:\/\/faz-hochrhein.de\/abenteuerland\/wp-content\/uploads\/2019\/06\/Juni-Ackerpflanzen-270x180.jpg",270,180,true],"wcfixedheightmedium":["https:\/\/faz-hochrhein.de\/abenteuerland\/wp-content\/uploads\/2019\/06\/Juni-Ackerpflanzen-450x300.jpg",450,300,true],"wcfixedheight":["https:\/\/faz-hochrhein.de\/abenteuerland\/wp-content\/uploads\/2019\/06\/Juni-Ackerpflanzen-750x500.jpg",750,500,true],"wccarouselsmall":["https:\/\/faz-hochrhein.de\/abenteuerland\/wp-content\/uploads\/2019\/06\/Juni-Ackerpflanzen-210x150.jpg",210,150,true],"wccarousel":["https:\/\/faz-hochrhein.de\/abenteuerland\/wp-content\/uploads\/2019\/06\/Juni-Ackerpflanzen-400x285.jpg",400,285,true],"wcslider":["https:\/\/faz-hochrhein.de\/abenteuerland\/wp-content\/uploads\/2019\/06\/Juni-Ackerpflanzen-1100x500.jpg",1100,500,true]},"uagb_author_info":{"display_name":"Abenteuerland Hochrhein","author_link":"https:\/\/faz-hochrhein.de\/abenteuerland\/author\/abenteuerland_admin\/"},"uagb_comment_info":0,"uagb_excerpt":"Unseren Garten findet ihr links neben der Kinderwerkstatt. Dort bauen wir in drei Hochbeeten unterschiedlicher H\u00f6he Gem\u00fcse an, die wir von der Saat bis zur Ernte begleiten. Daneben gibt es ein kleines Biotop, indem man Eidechsen und Fr\u00f6sche beobachten kann. Zus\u00e4tzlich haben wir noch unser Holzlager in dieser Ecke.","_links":{"self":[{"href":"https:\/\/faz-hochrhein.de\/abenteuerland\/wp-json\/wp\/v2\/pages\/2981","targetHints":{"allow":["GET"]}}],"collection":[{"href":"https:\/\/faz-hochrhein.de\/abenteuerland\/wp-json\/wp\/v2\/pages"}],"about":[{"href":"https:\/\/faz-hochrhein.de\/abenteuerland\/wp-json\/wp\/v2\/types\/page"}],"author":[{"embeddable":true,"href":"https:\/\/faz-hochrhein.de\/abenteuerland\/wp-json\/wp\/v2\/users\/1"}],"replies":[{"embeddable":true,"href":"https:\/\/faz-hochrhein.de\/abenteuerland\/wp-json\/wp\/v2\/comments?post=2981"}],"version-history":[{"count":7,"href":"https:\/\/faz-hochrhein.de\/abenteuerland\/wp-json\/wp\/v2\/pages\/2981\/revisions"}],"predecessor-version":[{"id":3523,"href":"https:\/\/faz-hochrhein.de\/abenteuerland\/wp-json\/wp\/v2\/pages\/2981\/revisions\/3523"}],"up":[{"embeddable":true,"href":"https:\/\/faz-hochrhein.de\/abenteuerland\/wp-json\/wp\/v2\/pages\/10"}],"wp:featuredmedia":[{"embeddable":true,"href":"https:\/\/faz-hochrhein.de\/abenteuerland\/wp-json\/wp\/v2\/media\/1960"}],"wp:attachment":[{"href":"https:\/\/faz-hochrhein.de\/abenteuerland\/wp-json\/wp\/v2\/media?parent=2981"}],"curies":[{"name":"wp","href":"https:\/\/api.w.org\/{rel}","templated":true}]}}