{"id":2842,"date":"2020-12-06T12:45:27","date_gmt":"2020-12-06T11:45:27","guid":{"rendered":"https:\/\/faz-hochrhein.de\/abenteuerland\/?page_id=2842"},"modified":"2026-02-23T11:05:38","modified_gmt":"2026-02-23T10:05:38","slug":"integrationsgruppen","status":"publish","type":"page","link":"https:\/\/faz-hochrhein.de\/abenteuerland\/angebote\/integrationsgruppen\/","title":{"rendered":"Integrationsgruppe \u201eFasZination&#8221;"},"content":{"rendered":"\n<figure class=\"wp-block-image size-large\"><img loading=\"lazy\" decoding=\"async\" width=\"1024\" height=\"497\" src=\"https:\/\/faz-hochrhein.de\/abenteuerland\/wp-content\/uploads\/2020\/01\/20200118_112442_resized-1024x497.jpg\" alt=\"FasZination im TRAMPOLINO\" class=\"wp-image-2434\" srcset=\"https:\/\/faz-hochrhein.de\/abenteuerland\/wp-content\/uploads\/2020\/01\/20200118_112442_resized-1024x497.jpg 1024w, https:\/\/faz-hochrhein.de\/abenteuerland\/wp-content\/uploads\/2020\/01\/20200118_112442_resized-300x145.jpg 300w, https:\/\/faz-hochrhein.de\/abenteuerland\/wp-content\/uploads\/2020\/01\/20200118_112442_resized-1536x746.jpg 1536w, https:\/\/faz-hochrhein.de\/abenteuerland\/wp-content\/uploads\/2020\/01\/20200118_112442_resized-250x121.jpg 250w, https:\/\/faz-hochrhein.de\/abenteuerland\/wp-content\/uploads\/2020\/01\/20200118_112442_resized-550x267.jpg 550w, https:\/\/faz-hochrhein.de\/abenteuerland\/wp-content\/uploads\/2020\/01\/20200118_112442_resized-800x388.jpg 800w, https:\/\/faz-hochrhein.de\/abenteuerland\/wp-content\/uploads\/2020\/01\/20200118_112442_resized-370x180.jpg 370w, https:\/\/faz-hochrhein.de\/abenteuerland\/wp-content\/uploads\/2020\/01\/20200118_112442_resized-617x300.jpg 617w, https:\/\/faz-hochrhein.de\/abenteuerland\/wp-content\/uploads\/2020\/01\/20200118_112442_resized-1028x500.jpg 1028w, https:\/\/faz-hochrhein.de\/abenteuerland\/wp-content\/uploads\/2020\/01\/20200118_112442_resized.jpg 2016w\" sizes=\"auto, (max-width: 1024px) 100vw, 1024px\" \/><\/figure>\n\n\n\n<p><strong>Integrationsgruppe f\u00fcr Kinder, Jugendliche und junge Erwachsene mit und ohne Behinderung ab 6 Jahren.<\/strong><\/p>\n\n\n\n<p>Inhalt und Aufgabe der Gruppe ist die Integration: Nicht-behinderte Kinder lernen R\u00fccksichtnahme und Hilfsbereitschaft, behinderte Kinder werden durch die Freizeit mit nicht-behinderten Kindern gef\u00f6rdert und erleben ein St\u00fcck Normalit\u00e4t.<\/p>\n\n\n\n<h2 class=\"wp-block-heading\">Informationen<\/h2>\n\n\n\n<h3 class=\"wp-block-heading\">Treffen<\/h3>\n\n\n\n<ul class=\"wp-block-list\">\n<li>14-t\u00e4gig samstags 9:30 \u2013 16:30 Uhr im Abenteuerland<\/li>\n\n\n\n<li>zus\u00e4tzlich Ferienangebote<\/li>\n\n\n\n<li>alle aktuellen Termine findet ihr in unserem Flyer<\/li>\n<\/ul>\n\n\n\n<h3 class=\"wp-block-heading\">Betreuung<\/h3>\n\n\n\n<p>Rita Cafararo + Team<\/p>\n\n\n\n<p>Das Programm wird von der Gruppenleiterin vorbereitet, das Team fachlich angeleitet. Die Leiterin h\u00e4lt telefonisch Kontakt zu den Eltern und f\u00fchrt regelm\u00e4\u00dfig Elterngespr\u00e4che. Durch das feste Betreuer-Team entwickeln sich freundschaftliche Beziehungen zwischen Kindern\/Jugendlichen und Team.<\/p>\n\n\n\n<p>Die Kinder\/Jugendliche werden nach Bedarf auch \u201e1 zu 1\u201c betreut.<\/p>\n\n\n\n<div class=\"wp-block-jetpack-tiled-gallery aligncenter is-style-rectangular\"><div class=\"tiled-gallery__gallery\"><div class=\"tiled-gallery__row\"><div class=\"tiled-gallery__col\" style=\"flex-basis:47.33412731289698%\"><figure class=\"tiled-gallery__item\"><a href=\"https:\/\/i1.wp.com\/faz-hochrhein.de\/abenteuerland\/wp-content\/uploads\/2020\/10\/faszination-1.jpg?ssl=1\"><img decoding=\"async\" srcset=\"https:\/\/i1.wp.com\/faz-hochrhein.de\/abenteuerland\/wp-content\/uploads\/2020\/10\/faszination-1.jpg?strip=info&#038;w=600&#038;ssl=1 600w,https:\/\/i1.wp.com\/faz-hochrhein.de\/abenteuerland\/wp-content\/uploads\/2020\/10\/faszination-1.jpg?strip=info&#038;w=800&#038;ssl=1 800w\" alt=\"\" data-height=\"1200\" data-id=\"2844\" data-link=\"https:\/\/faz-hochrhein.de\/abenteuerland\/?attachment_id=2844\" data-url=\"https:\/\/faz-hochrhein.de\/abenteuerland\/wp-content\/uploads\/2020\/10\/faszination-1.jpg\" data-width=\"800\" src=\"https:\/\/i1.wp.com\/faz-hochrhein.de\/abenteuerland\/wp-content\/uploads\/2020\/10\/faszination-1.jpg?ssl=1\" layout=\"responsive\"\/><\/a><\/figure><\/div><div class=\"tiled-gallery__col\" style=\"flex-basis:52.66587268710301%\"><figure class=\"tiled-gallery__item\"><a href=\"https:\/\/i0.wp.com\/faz-hochrhein.de\/abenteuerland\/wp-content\/uploads\/2020\/10\/faszination-2.jpg?ssl=1\"><img decoding=\"async\" srcset=\"https:\/\/i0.wp.com\/faz-hochrhein.de\/abenteuerland\/wp-content\/uploads\/2020\/10\/faszination-2.jpg?strip=info&#038;w=600&#038;ssl=1 600w,https:\/\/i0.wp.com\/faz-hochrhein.de\/abenteuerland\/wp-content\/uploads\/2020\/10\/faszination-2.jpg?strip=info&#038;w=900&#038;ssl=1 900w,https:\/\/i0.wp.com\/faz-hochrhein.de\/abenteuerland\/wp-content\/uploads\/2020\/10\/faszination-2.jpg?strip=info&#038;w=1200&#038;ssl=1 1200w\" alt=\"\" data-height=\"800\" data-id=\"2845\" data-link=\"https:\/\/faz-hochrhein.de\/abenteuerland\/?attachment_id=2845\" data-url=\"https:\/\/faz-hochrhein.de\/abenteuerland\/wp-content\/uploads\/2020\/10\/faszination-2.jpg\" data-width=\"1200\" src=\"https:\/\/i0.wp.com\/faz-hochrhein.de\/abenteuerland\/wp-content\/uploads\/2020\/10\/faszination-2.jpg?ssl=1\" layout=\"responsive\"\/><\/a><\/figure><figure class=\"tiled-gallery__item\"><a href=\"https:\/\/i2.wp.com\/faz-hochrhein.de\/abenteuerland\/wp-content\/uploads\/2020\/10\/faszination-3.jpg?ssl=1\"><img decoding=\"async\" srcset=\"https:\/\/i2.wp.com\/faz-hochrhein.de\/abenteuerland\/wp-content\/uploads\/2020\/10\/faszination-3.jpg?strip=info&#038;w=600&#038;ssl=1 600w,https:\/\/i2.wp.com\/faz-hochrhein.de\/abenteuerland\/wp-content\/uploads\/2020\/10\/faszination-3.jpg?strip=info&#038;w=900&#038;ssl=1 900w,https:\/\/i2.wp.com\/faz-hochrhein.de\/abenteuerland\/wp-content\/uploads\/2020\/10\/faszination-3.jpg?strip=info&#038;w=1200&#038;ssl=1 1200w\" alt=\"\" data-height=\"800\" data-id=\"2846\" data-link=\"https:\/\/faz-hochrhein.de\/abenteuerland\/?attachment_id=2846\" data-url=\"https:\/\/faz-hochrhein.de\/abenteuerland\/wp-content\/uploads\/2020\/10\/faszination-3.jpg\" data-width=\"1200\" src=\"https:\/\/i2.wp.com\/faz-hochrhein.de\/abenteuerland\/wp-content\/uploads\/2020\/10\/faszination-3.jpg?ssl=1\" layout=\"responsive\"\/><\/a><\/figure><\/div><\/div><\/div><\/div>\n\n\n\n<h3 class=\"wp-block-heading\">Ablauf<\/h3>\n\n\n\n<p>Die Kinder\/Jugendlichen werden vorab von den Eltern bei der Gruppenleiterin angemeldet. Alle angemeldeten Kinder werden von Gruppen-Betreuern mit einem Kleinbus morgens zuhause abgeholt und am Nachmittag nach Hause zur\u00fcckgebracht. Dies f\u00f6rdert das Zusammengeh\u00f6rigkeitsgef\u00fchl und erspart den Eltern zum Teil lange Anfahrtszeiten. Au\u00dferdem ist hierdurch der Kontakt der Betreuer zu den Eltern gew\u00e4hrleistet.<\/p>\n\n\n\n<p> Gemeinsame Aktionen und Ausfl\u00fcge, aber auch gemeinsames Essen sind wichtiger Bestandteil des Programms.<\/p>\n\n\n\n<p>F\u00fcr spezielle Angebote (basteln, kochen, backen) k\u00f6nnen die Kinder nach F\u00e4higkeiten aufgeteilt werden.<\/p>\n\n\n\n<h3 class=\"wp-block-heading\">Kosten<\/h3>\n\n\n\n<p><span style=\"text-decoration: underline;\">f\u00fcr behinderte Kinder mit Pflegestufe<\/span>: nach Aufwand &#8211; bitte mit Frau Cafararo besprechen<\/p>\n\n\n\n<p>Die Betreuungskosten werden unter bestimmten Voraussetzungen von der Pflegeversicherung \u00fcbernommen, zus\u00e4tzlich 5 \u20ac f\u00fcr Essen\/Material (muss direkt beim Fahrer bezahlt werden).<\/p>\n\n\n\n<p><span style=\"text-decoration: underline;\">f\u00fcr Kinder ohne Behinderung<\/span>: 20 \u20ac<\/p>\n\n\n\n<h3 class=\"wp-block-heading\">Impressionen<\/h3>\n\n\n\n<p>Bei der Integrationsgruppe ist immer viel los!<\/p>\n\n\n<p><strong>2025<\/strong><\/p>\n<ul>\n<li><a href=\"https:\/\/faz-hochrhein.de\/abenteuerland\/bildergalerie\/integrationsgruppe-muellsammeln-2025\/\">M\u00fcllsammeln<\/a><\/li>\n<li><a href=\"https:\/\/faz-hochrhein.de\/abenteuerland\/bildergalerie\/integrationsgruppe-maerz-2025\/\">M\u00e4rz 2025<\/a>\u00a0<\/li>\n<li><a href=\"https:\/\/faz-hochrhein.de\/abenteuerland\/bildergalerie\/integrationsgruppe-februar-2025\/\">Februar 2025<\/a><\/li>\n<\/ul>\n<p><strong>2024<\/strong><\/p>\n<ul>\n<li><a href=\"https:\/\/faz-hochrhein.de\/abenteuerland\/bildergalerie\/integrationsgruppe-dezember-2024\/\">Dezember 2024<\/a><\/li>\n<li><a href=\"https:\/\/faz-hochrhein.de\/abenteuerland\/bildergalerie\/integrationsgruppe-juli-2024\/\">Juli 2024<\/a><\/li>\n<li><a href=\"https:\/\/faz-hochrhein.de\/abenteuerland\/bildergalerie\/integrationsgruppe-mai-2024\/\">Mai 2024<\/a><\/li>\n<li><a href=\"https:\/\/faz-hochrhein.de\/abenteuerland\/bildergalerie\/integrationsgruppe-maerz-2024\/\">M\u00e4rz 2024<\/a><\/li>\n<li><a href=\"https:\/\/faz-hochrhein.de\/abenteuerland\/bildergalerie\/integrationsgruppe-februar-2024\/\">Februar 2024<\/a><\/li>\n<\/ul>\n<p><strong>2023<\/strong><\/p>\n<ul>\n<li><a href=\"https:\/\/faz-hochrhein.de\/abenteuerland\/bildergalerie\/integrationsgruppe-dezember-2023\/\">Dezember 2023<\/a><\/li>\n<li><a href=\"https:\/\/faz-hochrhein.de\/abenteuerland\/bildergalerie\/integrationsgruppe-sommerfest-2023\/\">Sommerfest 2023<\/a><\/li>\n<li><a href=\"https:\/\/faz-hochrhein.de\/abenteuerland\/bildergalerie\/integrationsgruppe-pfingstferien-2023\/\">Pfingstferien 2023<\/a><\/li>\n<li><a href=\"https:\/\/faz-hochrhein.de\/abenteuerland\/bildergalerie\/integrationsgruppe-april-2023\/\">April 2023<\/a><\/li>\n<li><a href=\"https:\/\/faz-hochrhein.de\/abenteuerland\/bildergalerie\/integrationsgruppe-osterferien-2023\/\">Osterferien 2023<\/a><\/li>\n<li><a href=\"https:\/\/faz-hochrhein.de\/abenteuerland\/bildergalerie\/integrationsgruppe-februar-2023\/\">Februar 2023<\/a><\/li>\n<li><a href=\"https:\/\/faz-hochrhein.de\/abenteuerland\/bildergalerie\/integrationsgruppe-januar-2023\/\">Januar 2023<\/a><\/li>\n<\/ul>\n<p><strong>2022<\/strong><\/p>\n<ul>\n<li><a href=\"https:\/\/faz-hochrhein.de\/abenteuerland\/bildergalerie\/integrationsgruppe-november-2022\/\">November 2022<\/a><\/li>\n<li><a href=\"https:\/\/faz-hochrhein.de\/abenteuerland\/bildergalerie\/integrationsgruppe-herbstferien-2022\/\">Herbstferien 2022<\/a><\/li>\n<li><a href=\"https:\/\/faz-hochrhein.de\/abenteuerland\/bildergalerie\/integrationsgruppe-oktober-2022\/\">Oktober 2022<\/a><\/li>\n<li><a href=\"https:\/\/faz-hochrhein.de\/abenteuerland\/bildergalerie\/integrationsgruppe-dorfputze-2022\/\">Dorfputze 2022<\/a><\/li>\n<li><a href=\"https:\/\/faz-hochrhein.de\/abenteuerland\/bildergalerie\/integrationsgruppe-sommerferien-2022\/\">Sommerferien 2022<\/a><\/li>\n<li><a href=\"https:\/\/faz-hochrhein.de\/abenteuerland\/bildergalerie\/integrationsgruppe-mai-2022\/\">Mai 2022<\/a><\/li>\n<li><a href=\"https:\/\/faz-hochrhein.de\/abenteuerland\/bildergalerie\/integrationsgruppe-maerz-2022\/\">M\u00e4rz 2022<\/a><\/li>\n<li><a href=\"https:\/\/faz-hochrhein.de\/abenteuerland\/bildergalerie\/integrationsgruppe-fasnacht-2022\/\">Fasnacht 2022<\/a><\/li>\n<li><a href=\"https:\/\/faz-hochrhein.de\/abenteuerland\/bildergalerie\/integrationsgruppe-januar-2022\/\">Januar 2022<\/a><\/li>\n<\/ul>","protected":false},"excerpt":{"rendered":"<p>Integrationsgruppe f\u00fcr Kinder, Jugendliche und junge Erwachsene mit und ohne Behinderung ab 6 Jahren. Inhalt und Aufgabe der Gruppe ist die Integration: Nicht-behinderte Kinder lernen R\u00fccksichtnahme und Hilfsbereitschaft, behinderte Kinder werden durch die Freizeit mit nicht-behinderten Kindern gef\u00f6rdert und erleben ein St\u00fcck Normalit\u00e4t. Informationen Treffen Betreuung Rita Cafararo + Team Das Programm wird von der [&hellip;]<\/p>\n","protected":false},"author":1,"featured_media":0,"parent":2730,"menu_order":0,"comment_status":"closed","ping_status":"closed","template":"","meta":{"_uag_custom_page_level_css":"","ocean_post_layout":"","ocean_both_sidebars_style":"","ocean_both_sidebars_content_width":0,"ocean_both_sidebars_sidebars_width":0,"ocean_sidebar":"0","ocean_second_sidebar":"0","ocean_disable_margins":"enable","ocean_add_body_class":"","ocean_shortcode_before_top_bar":"","ocean_shortcode_after_top_bar":"","ocean_shortcode_before_header":"","ocean_shortcode_after_header":"","ocean_has_shortcode":"","ocean_shortcode_after_title":"","ocean_shortcode_before_footer_widgets":"","ocean_shortcode_after_footer_widgets":"","ocean_shortcode_before_footer_bottom":"","ocean_shortcode_after_footer_bottom":"","ocean_display_top_bar":"default","ocean_display_header":"default","ocean_header_style":"","ocean_center_header_left_menu":"0","ocean_custom_header_template":"0","ocean_custom_logo":0,"ocean_custom_retina_logo":0,"ocean_custom_logo_max_width":0,"ocean_custom_logo_tablet_max_width":0,"ocean_custom_logo_mobile_max_width":0,"ocean_custom_logo_max_height":0,"ocean_custom_logo_tablet_max_height":0,"ocean_custom_logo_mobile_max_height":0,"ocean_header_custom_menu":"0","ocean_menu_typo_font_family":"0","ocean_menu_typo_font_subset":"","ocean_menu_typo_font_size":0,"ocean_menu_typo_font_size_tablet":0,"ocean_menu_typo_font_size_mobile":0,"ocean_menu_typo_font_size_unit":"px","ocean_menu_typo_font_weight":"","ocean_menu_typo_font_weight_tablet":"","ocean_menu_typo_font_weight_mobile":"","ocean_menu_typo_transform":"","ocean_menu_typo_transform_tablet":"","ocean_menu_typo_transform_mobile":"","ocean_menu_typo_line_height":0,"ocean_menu_typo_line_height_tablet":0,"ocean_menu_typo_line_height_mobile":0,"ocean_menu_typo_line_height_unit":"","ocean_menu_typo_spacing":0,"ocean_menu_typo_spacing_tablet":0,"ocean_menu_typo_spacing_mobile":0,"ocean_menu_typo_spacing_unit":"","ocean_menu_link_color":"","ocean_menu_link_color_hover":"","ocean_menu_link_color_active":"","ocean_menu_link_background":"","ocean_menu_link_hover_background":"","ocean_menu_link_active_background":"","ocean_menu_social_links_bg":"","ocean_menu_social_hover_links_bg":"","ocean_menu_social_links_color":"","ocean_menu_social_hover_links_color":"","ocean_disable_title":"default","ocean_disable_heading":"default","ocean_post_title":"","ocean_post_subheading":"","ocean_post_title_style":"","ocean_post_title_background_color":"","ocean_post_title_background":0,"ocean_post_title_bg_image_position":"","ocean_post_title_bg_image_attachment":"","ocean_post_title_bg_image_repeat":"","ocean_post_title_bg_image_size":"","ocean_post_title_height":0,"ocean_post_title_bg_overlay":0.5,"ocean_post_title_bg_overlay_color":"","ocean_disable_breadcrumbs":"default","ocean_breadcrumbs_color":"","ocean_breadcrumbs_separator_color":"","ocean_breadcrumbs_links_color":"","ocean_breadcrumbs_links_hover_color":"","ocean_display_footer_widgets":"default","ocean_display_footer_bottom":"default","ocean_custom_footer_template":"0","footnotes":""},"class_list":["post-2842","page","type-page","status-publish","hentry","entry"],"yoast_head":"<!-- This site is optimized with the Yoast SEO plugin v23.9 - https:\/\/yoast.com\/wordpress\/plugins\/seo\/ -->\n<title>Integrationsgruppe \u201eFasZination&quot; &#8211; Abenteuerland Hochrhein in Lauchringen<\/title>\n<meta name=\"robots\" content=\"index, follow, max-snippet:-1, max-image-preview:large, max-video-preview:-1\" \/>\n<link rel=\"canonical\" href=\"https:\/\/faz-hochrhein.de\/abenteuerland\/angebote\/integrationsgruppen\/\" \/>\n<meta property=\"og:locale\" content=\"de_DE\" \/>\n<meta property=\"og:type\" content=\"article\" \/>\n<meta property=\"og:title\" content=\"Integrationsgruppe \u201eFasZination&quot; &#8211; Abenteuerland Hochrhein in Lauchringen\" \/>\n<meta property=\"og:description\" content=\"Integrationsgruppe f\u00fcr Kinder, Jugendliche und junge Erwachsene mit und ohne Behinderung ab 6 Jahren. Inhalt und Aufgabe der Gruppe ist die Integration: Nicht-behinderte Kinder lernen R\u00fccksichtnahme und Hilfsbereitschaft, behinderte Kinder werden durch die Freizeit mit nicht-behinderten Kindern gef\u00f6rdert und erleben ein St\u00fcck Normalit\u00e4t. Informationen Treffen Betreuung Rita Cafararo + Team Das Programm wird von der [&hellip;]\" \/>\n<meta property=\"og:url\" content=\"https:\/\/faz-hochrhein.de\/abenteuerland\/angebote\/integrationsgruppen\/\" \/>\n<meta property=\"og:site_name\" content=\"Abenteuerland Hochrhein in Lauchringen\" \/>\n<meta property=\"article:publisher\" content=\"https:\/\/www.facebook.com\/FamilienzentrumHochrhein\/\" \/>\n<meta property=\"article:modified_time\" content=\"2026-02-23T10:05:38+00:00\" \/>\n<meta property=\"og:image\" content=\"https:\/\/faz-hochrhein.de\/abenteuerland\/wp-content\/uploads\/2020\/01\/20200118_112442_resized.jpg\" \/>\n\t<meta property=\"og:image:width\" content=\"2016\" \/>\n\t<meta property=\"og:image:height\" content=\"980\" \/>\n\t<meta property=\"og:image:type\" content=\"image\/jpeg\" \/>\n<meta name=\"twitter:card\" content=\"summary_large_image\" \/>\n<meta name=\"twitter:label1\" content=\"Gesch\u00e4tzte Lesezeit\" \/>\n\t<meta name=\"twitter:data1\" content=\"3\u00a0Minuten\" \/>\n<script type=\"application\/ld+json\" class=\"yoast-schema-graph\">{\"@context\":\"https:\/\/schema.org\",\"@graph\":[{\"@type\":\"WebPage\",\"@id\":\"https:\/\/faz-hochrhein.de\/abenteuerland\/angebote\/integrationsgruppen\/\",\"url\":\"https:\/\/faz-hochrhein.de\/abenteuerland\/angebote\/integrationsgruppen\/\",\"name\":\"Integrationsgruppe \u201eFasZination\\\" &#8211; Abenteuerland Hochrhein in Lauchringen\",\"isPartOf\":{\"@id\":\"https:\/\/faz-hochrhein.de\/abenteuerland\/#website\"},\"primaryImageOfPage\":{\"@id\":\"https:\/\/faz-hochrhein.de\/abenteuerland\/angebote\/integrationsgruppen\/#primaryimage\"},\"image\":{\"@id\":\"https:\/\/faz-hochrhein.de\/abenteuerland\/angebote\/integrationsgruppen\/#primaryimage\"},\"thumbnailUrl\":\"https:\/\/faz-hochrhein.de\/abenteuerland\/wp-content\/uploads\/2020\/01\/20200118_112442_resized-1024x497.jpg\",\"datePublished\":\"2020-12-06T11:45:27+00:00\",\"dateModified\":\"2026-02-23T10:05:38+00:00\",\"breadcrumb\":{\"@id\":\"https:\/\/faz-hochrhein.de\/abenteuerland\/angebote\/integrationsgruppen\/#breadcrumb\"},\"inLanguage\":\"de\",\"potentialAction\":[{\"@type\":\"ReadAction\",\"target\":[\"https:\/\/faz-hochrhein.de\/abenteuerland\/angebote\/integrationsgruppen\/\"]}]},{\"@type\":\"ImageObject\",\"inLanguage\":\"de\",\"@id\":\"https:\/\/faz-hochrhein.de\/abenteuerland\/angebote\/integrationsgruppen\/#primaryimage\",\"url\":\"https:\/\/faz-hochrhein.de\/abenteuerland\/wp-content\/uploads\/2020\/01\/20200118_112442_resized.jpg\",\"contentUrl\":\"https:\/\/faz-hochrhein.de\/abenteuerland\/wp-content\/uploads\/2020\/01\/20200118_112442_resized.jpg\",\"width\":2016,\"height\":980,\"caption\":\"FasZination im TRAMPOLINO\"},{\"@type\":\"BreadcrumbList\",\"@id\":\"https:\/\/faz-hochrhein.de\/abenteuerland\/angebote\/integrationsgruppen\/#breadcrumb\",\"itemListElement\":[{\"@type\":\"ListItem\",\"position\":1,\"name\":\"Home\",\"item\":\"https:\/\/faz-hochrhein.de\/abenteuerland\/\"},{\"@type\":\"ListItem\",\"position\":2,\"name\":\"Angebote\",\"item\":\"https:\/\/faz-hochrhein.de\/abenteuerland\/angebote\/\"},{\"@type\":\"ListItem\",\"position\":3,\"name\":\"Integrationsgruppe \u201eFasZination&#8221;\"}]},{\"@type\":\"WebSite\",\"@id\":\"https:\/\/faz-hochrhein.de\/abenteuerland\/#website\",\"url\":\"https:\/\/faz-hochrhein.de\/abenteuerland\/\",\"name\":\"Abenteuerland Hochrhein in Lauchringen\",\"description\":\"Freie Entfaltung f\u00fcr Kinder &amp; Jugendliche\",\"publisher\":{\"@id\":\"https:\/\/faz-hochrhein.de\/abenteuerland\/#organization\"},\"potentialAction\":[{\"@type\":\"SearchAction\",\"target\":{\"@type\":\"EntryPoint\",\"urlTemplate\":\"https:\/\/faz-hochrhein.de\/abenteuerland\/?s={search_term_string}\"},\"query-input\":{\"@type\":\"PropertyValueSpecification\",\"valueRequired\":true,\"valueName\":\"search_term_string\"}}],\"inLanguage\":\"de\"},{\"@type\":\"Organization\",\"@id\":\"https:\/\/faz-hochrhein.de\/abenteuerland\/#organization\",\"name\":\"Familienzentrum Hochrhein\",\"url\":\"https:\/\/faz-hochrhein.de\/abenteuerland\/\",\"logo\":{\"@type\":\"ImageObject\",\"inLanguage\":\"de\",\"@id\":\"https:\/\/faz-hochrhein.de\/abenteuerland\/#\/schema\/logo\/image\/\",\"url\":\"https:\/\/faz-hochrhein.de\/abenteuerland\/wp-content\/uploads\/2016\/03\/Logo-Abenteuerland-Website.png\",\"contentUrl\":\"https:\/\/faz-hochrhein.de\/abenteuerland\/wp-content\/uploads\/2016\/03\/Logo-Abenteuerland-Website.png\",\"width\":478,\"height\":150,\"caption\":\"Familienzentrum Hochrhein\"},\"image\":{\"@id\":\"https:\/\/faz-hochrhein.de\/abenteuerland\/#\/schema\/logo\/image\/\"},\"sameAs\":[\"https:\/\/www.facebook.com\/FamilienzentrumHochrhein\/\"]}]}<\/script>\n<!-- \/ Yoast SEO plugin. -->","yoast_head_json":{"title":"Integrationsgruppe \u201eFasZination\" &#8211; Abenteuerland Hochrhein in Lauchringen","robots":{"index":"index","follow":"follow","max-snippet":"max-snippet:-1","max-image-preview":"max-image-preview:large","max-video-preview":"max-video-preview:-1"},"canonical":"https:\/\/faz-hochrhein.de\/abenteuerland\/angebote\/integrationsgruppen\/","og_locale":"de_DE","og_type":"article","og_title":"Integrationsgruppe \u201eFasZination\" &#8211; Abenteuerland Hochrhein in Lauchringen","og_description":"Integrationsgruppe f\u00fcr Kinder, Jugendliche und junge Erwachsene mit und ohne Behinderung ab 6 Jahren. Inhalt und Aufgabe der Gruppe ist die Integration: Nicht-behinderte Kinder lernen R\u00fccksichtnahme und Hilfsbereitschaft, behinderte Kinder werden durch die Freizeit mit nicht-behinderten Kindern gef\u00f6rdert und erleben ein St\u00fcck Normalit\u00e4t. Informationen Treffen Betreuung Rita Cafararo + Team Das Programm wird von der [&hellip;]","og_url":"https:\/\/faz-hochrhein.de\/abenteuerland\/angebote\/integrationsgruppen\/","og_site_name":"Abenteuerland Hochrhein in Lauchringen","article_publisher":"https:\/\/www.facebook.com\/FamilienzentrumHochrhein\/","article_modified_time":"2026-02-23T10:05:38+00:00","og_image":[{"width":2016,"height":980,"url":"https:\/\/faz-hochrhein.de\/abenteuerland\/wp-content\/uploads\/2020\/01\/20200118_112442_resized.jpg","type":"image\/jpeg"}],"twitter_card":"summary_large_image","twitter_misc":{"Gesch\u00e4tzte Lesezeit":"3\u00a0Minuten"},"schema":{"@context":"https:\/\/schema.org","@graph":[{"@type":"WebPage","@id":"https:\/\/faz-hochrhein.de\/abenteuerland\/angebote\/integrationsgruppen\/","url":"https:\/\/faz-hochrhein.de\/abenteuerland\/angebote\/integrationsgruppen\/","name":"Integrationsgruppe \u201eFasZination\" &#8211; Abenteuerland Hochrhein in Lauchringen","isPartOf":{"@id":"https:\/\/faz-hochrhein.de\/abenteuerland\/#website"},"primaryImageOfPage":{"@id":"https:\/\/faz-hochrhein.de\/abenteuerland\/angebote\/integrationsgruppen\/#primaryimage"},"image":{"@id":"https:\/\/faz-hochrhein.de\/abenteuerland\/angebote\/integrationsgruppen\/#primaryimage"},"thumbnailUrl":"https:\/\/faz-hochrhein.de\/abenteuerland\/wp-content\/uploads\/2020\/01\/20200118_112442_resized-1024x497.jpg","datePublished":"2020-12-06T11:45:27+00:00","dateModified":"2026-02-23T10:05:38+00:00","breadcrumb":{"@id":"https:\/\/faz-hochrhein.de\/abenteuerland\/angebote\/integrationsgruppen\/#breadcrumb"},"inLanguage":"de","potentialAction":[{"@type":"ReadAction","target":["https:\/\/faz-hochrhein.de\/abenteuerland\/angebote\/integrationsgruppen\/"]}]},{"@type":"ImageObject","inLanguage":"de","@id":"https:\/\/faz-hochrhein.de\/abenteuerland\/angebote\/integrationsgruppen\/#primaryimage","url":"https:\/\/faz-hochrhein.de\/abenteuerland\/wp-content\/uploads\/2020\/01\/20200118_112442_resized.jpg","contentUrl":"https:\/\/faz-hochrhein.de\/abenteuerland\/wp-content\/uploads\/2020\/01\/20200118_112442_resized.jpg","width":2016,"height":980,"caption":"FasZination im TRAMPOLINO"},{"@type":"BreadcrumbList","@id":"https:\/\/faz-hochrhein.de\/abenteuerland\/angebote\/integrationsgruppen\/#breadcrumb","itemListElement":[{"@type":"ListItem","position":1,"name":"Home","item":"https:\/\/faz-hochrhein.de\/abenteuerland\/"},{"@type":"ListItem","position":2,"name":"Angebote","item":"https:\/\/faz-hochrhein.de\/abenteuerland\/angebote\/"},{"@type":"ListItem","position":3,"name":"Integrationsgruppe \u201eFasZination&#8221;"}]},{"@type":"WebSite","@id":"https:\/\/faz-hochrhein.de\/abenteuerland\/#website","url":"https:\/\/faz-hochrhein.de\/abenteuerland\/","name":"Abenteuerland Hochrhein in Lauchringen","description":"Freie Entfaltung f\u00fcr Kinder &amp; Jugendliche","publisher":{"@id":"https:\/\/faz-hochrhein.de\/abenteuerland\/#organization"},"potentialAction":[{"@type":"SearchAction","target":{"@type":"EntryPoint","urlTemplate":"https:\/\/faz-hochrhein.de\/abenteuerland\/?s={search_term_string}"},"query-input":{"@type":"PropertyValueSpecification","valueRequired":true,"valueName":"search_term_string"}}],"inLanguage":"de"},{"@type":"Organization","@id":"https:\/\/faz-hochrhein.de\/abenteuerland\/#organization","name":"Familienzentrum Hochrhein","url":"https:\/\/faz-hochrhein.de\/abenteuerland\/","logo":{"@type":"ImageObject","inLanguage":"de","@id":"https:\/\/faz-hochrhein.de\/abenteuerland\/#\/schema\/logo\/image\/","url":"https:\/\/faz-hochrhein.de\/abenteuerland\/wp-content\/uploads\/2016\/03\/Logo-Abenteuerland-Website.png","contentUrl":"https:\/\/faz-hochrhein.de\/abenteuerland\/wp-content\/uploads\/2016\/03\/Logo-Abenteuerland-Website.png","width":478,"height":150,"caption":"Familienzentrum Hochrhein"},"image":{"@id":"https:\/\/faz-hochrhein.de\/abenteuerland\/#\/schema\/logo\/image\/"},"sameAs":["https:\/\/www.facebook.com\/FamilienzentrumHochrhein\/"]}]}},"jetpack_sharing_enabled":true,"uagb_featured_image_src":{"full":false,"thumbnail":false,"medium":false,"medium_large":false,"large":false,"1536x1536":false,"2048x2048":false,"ocean-thumb-m":false,"ocean-thumb-ml":false,"ocean-thumb-l":false,"wcicon":false,"wcsquare":false,"wcsmall":false,"wcstandard":false,"wcbig":false,"wcfixedheightsmall":false,"wcfixedheightmedium":false,"wcfixedheight":false,"wccarouselsmall":false,"wccarousel":false,"wcslider":false},"uagb_author_info":{"display_name":"Abenteuerland Hochrhein","author_link":"https:\/\/faz-hochrhein.de\/abenteuerland\/author\/abenteuerland_admin\/"},"uagb_comment_info":0,"uagb_excerpt":"Integrationsgruppe f\u00fcr Kinder, Jugendliche und junge Erwachsene mit und ohne Behinderung ab 6 Jahren. Inhalt und Aufgabe der Gruppe ist die Integration: Nicht-behinderte Kinder lernen R\u00fccksichtnahme und Hilfsbereitschaft, behinderte Kinder werden durch die Freizeit mit nicht-behinderten Kindern gef\u00f6rdert und erleben ein St\u00fcck Normalit\u00e4t. Informationen Treffen Betreuung Rita Cafararo + Team Das Programm wird von der&hellip;","_links":{"self":[{"href":"https:\/\/faz-hochrhein.de\/abenteuerland\/wp-json\/wp\/v2\/pages\/2842","targetHints":{"allow":["GET"]}}],"collection":[{"href":"https:\/\/faz-hochrhein.de\/abenteuerland\/wp-json\/wp\/v2\/pages"}],"about":[{"href":"https:\/\/faz-hochrhein.de\/abenteuerland\/wp-json\/wp\/v2\/types\/page"}],"author":[{"embeddable":true,"href":"https:\/\/faz-hochrhein.de\/abenteuerland\/wp-json\/wp\/v2\/users\/1"}],"replies":[{"embeddable":true,"href":"https:\/\/faz-hochrhein.de\/abenteuerland\/wp-json\/wp\/v2\/comments?post=2842"}],"version-history":[{"count":10,"href":"https:\/\/faz-hochrhein.de\/abenteuerland\/wp-json\/wp\/v2\/pages\/2842\/revisions"}],"predecessor-version":[{"id":4948,"href":"https:\/\/faz-hochrhein.de\/abenteuerland\/wp-json\/wp\/v2\/pages\/2842\/revisions\/4948"}],"up":[{"embeddable":true,"href":"https:\/\/faz-hochrhein.de\/abenteuerland\/wp-json\/wp\/v2\/pages\/2730"}],"wp:attachment":[{"href":"https:\/\/faz-hochrhein.de\/abenteuerland\/wp-json\/wp\/v2\/media?parent=2842"}],"curies":[{"name":"wp","href":"https:\/\/api.w.org\/{rel}","templated":true}]}}